{"version":"1.0","provider_name":"Intermedia Producciones","provider_url":"https:\/\/intermediaproducciones.com\/en","title":"Colecci\u00f3n Memoria Hist\u00f3rica 6 Documentales - Intermedia Producciones","type":"rich","width":600,"height":338,"html":"<blockquote class=\"wp-embedded-content\" data-secret=\"LpKAcnuXaa\"><a href=\"https:\/\/intermediaproducciones.com\/en\/portfolio\/coleccion-memoria-historica-6-documentales\/\">Colecci\u00f3n Memoria Hist\u00f3rica 6 Documentales<\/a><\/blockquote><iframe sandbox=\"allow-scripts\" security=\"restricted\" src=\"https:\/\/intermediaproducciones.com\/en\/portfolio\/coleccion-memoria-historica-6-documentales\/embed\/#?secret=LpKAcnuXaa\" width=\"600\" height=\"338\" title=\"&#8220;Colecci\u00f3n Memoria Hist\u00f3rica 6 Documentales&#8221; &#8212; Intermedia Producciones\" data-secret=\"LpKAcnuXaa\" frameborder=\"0\" marginwidth=\"0\" marginheight=\"0\" scrolling=\"no\" class=\"wp-embedded-content\"><\/iframe><script type=\"text\/javascript\">\n\/* <![CDATA[ *\/\n\/*! This file is auto-generated *\/\n!function(d,l){\"use strict\";l.querySelector&&d.addEventListener&&\"undefined\"!=typeof URL&&(d.wp=d.wp||{},d.wp.receiveEmbedMessage||(d.wp.receiveEmbedMessage=function(e){var t=e.data;if((t||t.secret||t.message||t.value)&&!\/[^a-zA-Z0-9]\/.test(t.secret)){for(var s,r,n,a=l.querySelectorAll('iframe[data-secret=\"'+t.secret+'\"]'),o=l.querySelectorAll('blockquote[data-secret=\"'+t.secret+'\"]'),c=new RegExp(\"^https?:$\",\"i\"),i=0;i<o.length;i++)o[i].style.display=\"none\";for(i=0;i<a.length;i++)s=a[i],e.source===s.contentWindow&&(s.removeAttribute(\"style\"),\"height\"===t.message?(1e3<(r=parseInt(t.value,10))?r=1e3:~~r<200&&(r=200),s.height=r):\"link\"===t.message&&(r=new URL(s.getAttribute(\"src\")),n=new URL(t.value),c.test(n.protocol))&&n.host===r.host&&l.activeElement===s&&(d.top.location.href=t.value))}},d.addEventListener(\"message\",d.wp.receiveEmbedMessage,!1),l.addEventListener(\"DOMContentLoaded\",function(){for(var e,t,s=l.querySelectorAll(\"iframe.wp-embedded-content\"),r=0;r<s.length;r++)(t=(e=s[r]).getAttribute(\"data-secret\"))||(t=Math.random().toString(36).substring(2,12),e.src+=\"#?secret=\"+t,e.setAttribute(\"data-secret\",t)),e.contentWindow.postMessage({message:\"ready\",secret:t},\"*\")},!1)))}(window,document);\n\/* ]]> *\/\n<\/script>","thumbnail_url":"https:\/\/intermediaproducciones.com\/wp-content\/uploads\/2018\/08\/coleccion_mh.jpg","thumbnail_width":379,"thumbnail_height":391,"description":"Despu\u00e9s de 12 a\u00f1os documentando los testimonios de las victimas del franquismo, publicamos nuestra colecci\u00f3n de Memoria Hist\u00f3rica. En los seis documentales que la componen se destaca el valor de la memoria de nuestr@s mayores para el conocimiento de la Historia. El trabajo esclavo de los presos pol\u00edticos republicanos, la intervenci\u00f3n de las tropas coloniales [&hellip;]"}