{"id":2481,"date":"2018-07-26T10:28:16","date_gmt":"2018-07-26T10:28:16","guid":{"rendered":"https:\/\/intermediaproducciones.com\/?post_type=product&#038;p=2481"},"modified":"2022-02-10T11:38:39","modified_gmt":"2022-02-10T11:38:39","slug":"habitar-la-utopia","status":"publish","type":"product","link":"https:\/\/intermediaproducciones.com\/en\/product\/habitar-la-utopia\/","title":{"rendered":"Inhabiting Utopia"},"content":{"rendered":"<p>Documental<br \/>\n69 minutos. HDCam \u00b7 DCP. OCTUBRE 2014<\/p>\n<p><strong>Gui\u00f3n y Direcci\u00f3n:<\/strong> Mariano Agudo<br \/>\n<strong>Sound:<\/strong> Dani de Zayas<br \/>\n<strong>Musica:<\/strong> Paco Campano<br \/>\n<strong>Grafismo:<\/strong> Kiko Romero<br \/>\n<strong>Mezcla y Montaje de Sonido:<\/strong> Juan Egoscoz\u00e1bal<br \/>\n<strong>Director de Fotograf\u00eda:<\/strong> Mariano Agudo<br \/>\n<strong>Productor Ejecutivo:<\/strong> Miguel Paredes<br \/>\n<strong>Montage:<\/strong> Mariluz Dom\u00ednguez<br \/>\n<strong>Distribuci\u00f3n Intermedia:<\/strong> Natalia de Ancos<br \/>\n<strong>Distribuci\u00f3n:<\/strong> 3boxmedia<\/p>\n<p><iframe loading=\"lazy\" src=\"https:\/\/player.vimeo.com\/video\/107165655?title=0&amp;byline=0&amp;portrait=0\" width=\"100%\" height=\"300\" frameborder=\"0\"><span style=\"display: inline-block; width: 0px; overflow: hidden; line-height: 0;\" data-mce-type=\"bookmark\" class=\"mce_SELRES_start\"><\/span><\/iframe><\/p>\n<p><strong>Synopsis<\/strong><\/p>\n<p>Crisis. Empty houses. Evictions. A cruel triangle in which a heterogeneous but solid group, headed by women of different generations, decided to exercise their right to housing and relocate in an uninhabited building that was not theirs: La Corrala Utop\u00eda. 688 days and 36 families. Without electricity. Without water. Without fear.<\/p>\n<p><strong>History<\/strong><\/p>\n<p>2014 Festival de Cine de Sevilla. Panorama Andaluz.Documentary<br \/>\n69 minutos. HDCam \u00b7 DCP. OCTUBRE 2014<\/p>\n<p><strong>Director and Script:<\/strong> Mariano Agudo<br \/>\n<strong>Sound:<\/strong> Dani de Zayas<br \/>\n<strong>Music:<\/strong> Paco Campano<br \/>\n<strong>Graphic Effect:<\/strong> Kiko Romero<br \/>\n<strong>Sound Mixing:<\/strong> Juan Egoscoz\u00e1bal<br \/>\n<strong>Cinematography:<\/strong> Mariano Agudo<br \/>\n<strong>Executive Producer:<\/strong> Miguel Paredes<br \/>\n<strong>Editor:<\/strong> Mariluz Dom\u00ednguez<br \/>\n<strong>Distribution Intermedia:<\/strong> Natalia de Ancos<br \/>\n<strong>Distribution:<\/strong> 3boxmedia<\/p>\n<p><iframe loading=\"lazy\" src=\"https:\/\/player.vimeo.com\/video\/107165655?title=0&amp;byline=0&amp;portrait=0\" width=\"100%\" height=\"300\" frameborder=\"0\"><span style=\"display: inline-block; width: 0px; overflow: hidden; line-height: 0;\" data-mce-type=\"bookmark\" class=\"mce_SELRES_start\"><\/span><\/iframe><\/p>\n<p><strong>Synopsis<\/strong><\/p>\n<p>Crisis. Empty homes. Evictions. A cruel triangle and a heterogeneous but solid group, led by women of different generations , that decided to exercise their right to housing and relocate to an uninhabited building that was not their property: The Corrala Utopia. 688 days and 36 families. No light. No water. No fear.<\/p>\n<p><strong>Achievements<\/strong><\/p>\n<p>2014 Festival de Cine de Sevilla. Panorama Andaluz.<\/p>","protected":false},"excerpt":{"rendered":"<p>Documental 69 minutos. HDCam \u00b7 DCP. OCTUBRE 2014 Gui\u00f3n y Direcci\u00f3n: Mariano Agudo Sonido: Dani de Zayas Musica: Paco Campano Grafismo: Kiko Romero Mezcla y Montaje de Sonido: Juan Egoscoz\u00e1bal Director de Fotograf\u00eda: Mariano Agudo Productor Ejecutivo: Miguel Paredes Montaje: Mariluz Dom\u00ednguez Distribuci\u00f3n Intermedia: Natalia de Ancos Distribuci\u00f3n: 3boxmedia \ufeff Synopsis Crisis. Viviendas vac\u00edas. Desahucios. [&hellip;]<\/p>","protected":false},"featured_media":2485,"template":"","meta":{"_acf_changed":false},"product_brand":[],"product_cat":[422],"product_tag":[493,494,495],"class_list":{"0":"post-2481","1":"product","2":"type-product","3":"status-publish","4":"has-post-thumbnail","6":"product_cat-productos","7":"product_tag-documental","8":"product_tag-habitar-la-utopia","9":"product_tag-mariano-agudo","11":"first","12":"instock","13":"taxable","14":"shipping-taxable","15":"purchasable","16":"product-type-simple"},"acf":[],"yoast_head":"<!-- This site is optimized with the Yoast SEO plugin v25.3.1 - https:\/\/yoast.com\/wordpress\/plugins\/seo\/ -->\n<title>Habitar la Utop\u00eda - Intermedia Producciones<\/title>\n<meta name=\"robots\" content=\"index, follow, max-snippet:-1, max-image-preview:large, max-video-preview:-1\" \/>\n<link rel=\"canonical\" href=\"https:\/\/intermediaproducciones.com\/en\/product\/habitar-la-utopia\/\" \/>\n<meta property=\"og:locale\" content=\"en_GB\" \/>\n<meta property=\"og:type\" content=\"article\" \/>\n<meta property=\"og:title\" content=\"Habitar la Utop\u00eda - Intermedia Producciones\" \/>\n<meta property=\"og:description\" content=\"Documental 69 minutos. HDCam \u00b7 DCP. OCTUBRE 2014 Gui\u00f3n y Direcci\u00f3n: Mariano Agudo Sonido: Dani de Zayas Musica: Paco Campano Grafismo: Kiko Romero Mezcla y Montaje de Sonido: Juan Egoscoz\u00e1bal Director de Fotograf\u00eda: Mariano Agudo Productor Ejecutivo: Miguel Paredes Montaje: Mariluz Dom\u00ednguez Distribuci\u00f3n Intermedia: Natalia de Ancos Distribuci\u00f3n: 3boxmedia \ufeff Synopsis Crisis. Viviendas vac\u00edas. Desahucios. [&hellip;]\" \/>\n<meta property=\"og:url\" content=\"https:\/\/intermediaproducciones.com\/en\/product\/habitar-la-utopia\/\" \/>\n<meta property=\"og:site_name\" content=\"Intermedia Producciones\" \/>\n<meta property=\"article:publisher\" content=\"https:\/\/www.facebook.com\/ProductoraIntermediaProducciones\" \/>\n<meta property=\"article:modified_time\" content=\"2022-02-10T11:38:39+00:00\" \/>\n<meta property=\"og:image\" content=\"https:\/\/intermediaproducciones.com\/wp-content\/uploads\/2018\/07\/Captura-de-pantalla-2015-09-02-a-las-19.51.10-1.png\" \/>\n\t<meta property=\"og:image:width\" content=\"470\" \/>\n\t<meta property=\"og:image:height\" content=\"677\" \/>\n\t<meta property=\"og:image:type\" content=\"image\/png\" \/>\n<meta name=\"twitter:card\" content=\"summary_large_image\" \/>\n<meta name=\"twitter:label1\" content=\"Estimated reading time\" \/>\n\t<meta name=\"twitter:data1\" content=\"1 minute\" \/>\n<script type=\"application\/ld+json\" class=\"yoast-schema-graph\">{\"@context\":\"https:\/\/schema.org\",\"@graph\":[{\"@type\":\"WebPage\",\"@id\":\"https:\/\/intermediaproducciones.com\/en\/product\/habitar-la-utopia\/\",\"url\":\"https:\/\/intermediaproducciones.com\/en\/product\/habitar-la-utopia\/\",\"name\":\"Habitar la Utop\u00eda - Intermedia Producciones\",\"isPartOf\":{\"@id\":\"https:\/\/intermediaproducciones.com\/#website\"},\"primaryImageOfPage\":{\"@id\":\"https:\/\/intermediaproducciones.com\/en\/product\/habitar-la-utopia\/#primaryimage\"},\"image\":{\"@id\":\"https:\/\/intermediaproducciones.com\/en\/product\/habitar-la-utopia\/#primaryimage\"},\"thumbnailUrl\":\"https:\/\/intermediaproducciones.com\/wp-content\/uploads\/2018\/07\/Captura-de-pantalla-2015-09-02-a-las-19.51.10-1.png\",\"datePublished\":\"2018-07-26T10:28:16+00:00\",\"dateModified\":\"2022-02-10T11:38:39+00:00\",\"breadcrumb\":{\"@id\":\"https:\/\/intermediaproducciones.com\/en\/product\/habitar-la-utopia\/#breadcrumb\"},\"inLanguage\":\"en-GB\",\"potentialAction\":[{\"@type\":\"ReadAction\",\"target\":[\"https:\/\/intermediaproducciones.com\/en\/product\/habitar-la-utopia\/\"]}]},{\"@type\":\"ImageObject\",\"inLanguage\":\"en-GB\",\"@id\":\"https:\/\/intermediaproducciones.com\/en\/product\/habitar-la-utopia\/#primaryimage\",\"url\":\"https:\/\/intermediaproducciones.com\/wp-content\/uploads\/2018\/07\/Captura-de-pantalla-2015-09-02-a-las-19.51.10-1.png\",\"contentUrl\":\"https:\/\/intermediaproducciones.com\/wp-content\/uploads\/2018\/07\/Captura-de-pantalla-2015-09-02-a-las-19.51.10-1.png\",\"width\":470,\"height\":677},{\"@type\":\"BreadcrumbList\",\"@id\":\"https:\/\/intermediaproducciones.com\/en\/product\/habitar-la-utopia\/#breadcrumb\",\"itemListElement\":[{\"@type\":\"ListItem\",\"position\":1,\"name\":\"Portada\",\"item\":\"https:\/\/intermediaproducciones.com\/\"},{\"@type\":\"ListItem\",\"position\":2,\"name\":\"Tienda\",\"item\":\"https:\/\/intermediaproducciones.com\/en\/tienda\/\"},{\"@type\":\"ListItem\",\"position\":3,\"name\":\"Habitar la Utop\u00eda\"}]},{\"@type\":\"WebSite\",\"@id\":\"https:\/\/intermediaproducciones.com\/#website\",\"url\":\"https:\/\/intermediaproducciones.com\/\",\"name\":\"Intermedia Producciones\",\"description\":\"Miradas, Visiones y Realidades\",\"publisher\":{\"@id\":\"https:\/\/intermediaproducciones.com\/#organization\"},\"potentialAction\":[{\"@type\":\"SearchAction\",\"target\":{\"@type\":\"EntryPoint\",\"urlTemplate\":\"https:\/\/intermediaproducciones.com\/?s={search_term_string}\"},\"query-input\":{\"@type\":\"PropertyValueSpecification\",\"valueRequired\":true,\"valueName\":\"search_term_string\"}}],\"inLanguage\":\"en-GB\"},{\"@type\":\"Organization\",\"@id\":\"https:\/\/intermediaproducciones.com\/#organization\",\"name\":\"Intermedia Producciones\",\"url\":\"https:\/\/intermediaproducciones.com\/\",\"logo\":{\"@type\":\"ImageObject\",\"inLanguage\":\"en-GB\",\"@id\":\"https:\/\/intermediaproducciones.com\/#\/schema\/logo\/image\/\",\"url\":\"https:\/\/intermediaproducciones.com\/wp-content\/uploads\/2019\/02\/logo_intermedia.png\",\"contentUrl\":\"https:\/\/intermediaproducciones.com\/wp-content\/uploads\/2019\/02\/logo_intermedia.png\",\"width\":199,\"height\":216,\"caption\":\"Intermedia Producciones\"},\"image\":{\"@id\":\"https:\/\/intermediaproducciones.com\/#\/schema\/logo\/image\/\"},\"sameAs\":[\"https:\/\/www.facebook.com\/ProductoraIntermediaProducciones\",\"https:\/\/vimeo.com\/intermedia\",\"https:\/\/www.youtube.com\/user\/IntermediaProd\",\"https:\/\/www.instagram.com\/intermediaproducciones\/\",\"https:\/\/www.linkedin.com\/company\/intermedia-producciones\/\"]}]}<\/script>\n<!-- \/ Yoast SEO plugin. -->","yoast_head_json":{"title":"Habitar la Utop\u00eda - Intermedia Producciones","robots":{"index":"index","follow":"follow","max-snippet":"max-snippet:-1","max-image-preview":"max-image-preview:large","max-video-preview":"max-video-preview:-1"},"canonical":"https:\/\/intermediaproducciones.com\/en\/product\/habitar-la-utopia\/","og_locale":"en_GB","og_type":"article","og_title":"Habitar la Utop\u00eda - Intermedia Producciones","og_description":"Documental 69 minutos. HDCam \u00b7 DCP. OCTUBRE 2014 Gui\u00f3n y Direcci\u00f3n: Mariano Agudo Sonido: Dani de Zayas Musica: Paco Campano Grafismo: Kiko Romero Mezcla y Montaje de Sonido: Juan Egoscoz\u00e1bal Director de Fotograf\u00eda: Mariano Agudo Productor Ejecutivo: Miguel Paredes Montaje: Mariluz Dom\u00ednguez Distribuci\u00f3n Intermedia: Natalia de Ancos Distribuci\u00f3n: 3boxmedia \ufeff Synopsis Crisis. Viviendas vac\u00edas. Desahucios. [&hellip;]","og_url":"https:\/\/intermediaproducciones.com\/en\/product\/habitar-la-utopia\/","og_site_name":"Intermedia Producciones","article_publisher":"https:\/\/www.facebook.com\/ProductoraIntermediaProducciones","article_modified_time":"2022-02-10T11:38:39+00:00","og_image":[{"width":470,"height":677,"url":"https:\/\/intermediaproducciones.com\/wp-content\/uploads\/2018\/07\/Captura-de-pantalla-2015-09-02-a-las-19.51.10-1.png","type":"image\/png"}],"twitter_card":"summary_large_image","twitter_misc":{"Estimated reading time":"1 minute"},"schema":{"@context":"https:\/\/schema.org","@graph":[{"@type":"WebPage","@id":"https:\/\/intermediaproducciones.com\/en\/product\/habitar-la-utopia\/","url":"https:\/\/intermediaproducciones.com\/en\/product\/habitar-la-utopia\/","name":"Habitar la Utop\u00eda - Intermedia Producciones","isPartOf":{"@id":"https:\/\/intermediaproducciones.com\/#website"},"primaryImageOfPage":{"@id":"https:\/\/intermediaproducciones.com\/en\/product\/habitar-la-utopia\/#primaryimage"},"image":{"@id":"https:\/\/intermediaproducciones.com\/en\/product\/habitar-la-utopia\/#primaryimage"},"thumbnailUrl":"https:\/\/intermediaproducciones.com\/wp-content\/uploads\/2018\/07\/Captura-de-pantalla-2015-09-02-a-las-19.51.10-1.png","datePublished":"2018-07-26T10:28:16+00:00","dateModified":"2022-02-10T11:38:39+00:00","breadcrumb":{"@id":"https:\/\/intermediaproducciones.com\/en\/product\/habitar-la-utopia\/#breadcrumb"},"inLanguage":"en-GB","potentialAction":[{"@type":"ReadAction","target":["https:\/\/intermediaproducciones.com\/en\/product\/habitar-la-utopia\/"]}]},{"@type":"ImageObject","inLanguage":"en-GB","@id":"https:\/\/intermediaproducciones.com\/en\/product\/habitar-la-utopia\/#primaryimage","url":"https:\/\/intermediaproducciones.com\/wp-content\/uploads\/2018\/07\/Captura-de-pantalla-2015-09-02-a-las-19.51.10-1.png","contentUrl":"https:\/\/intermediaproducciones.com\/wp-content\/uploads\/2018\/07\/Captura-de-pantalla-2015-09-02-a-las-19.51.10-1.png","width":470,"height":677},{"@type":"BreadcrumbList","@id":"https:\/\/intermediaproducciones.com\/en\/product\/habitar-la-utopia\/#breadcrumb","itemListElement":[{"@type":"ListItem","position":1,"name":"Portada","item":"https:\/\/intermediaproducciones.com\/"},{"@type":"ListItem","position":2,"name":"Tienda","item":"https:\/\/intermediaproducciones.com\/en\/tienda\/"},{"@type":"ListItem","position":3,"name":"Habitar la Utop\u00eda"}]},{"@type":"WebSite","@id":"https:\/\/intermediaproducciones.com\/#website","url":"https:\/\/intermediaproducciones.com\/","name":"Intermedia Producciones","description":"Miradas, Visiones y Realidades","publisher":{"@id":"https:\/\/intermediaproducciones.com\/#organization"},"potentialAction":[{"@type":"SearchAction","target":{"@type":"EntryPoint","urlTemplate":"https:\/\/intermediaproducciones.com\/?s={search_term_string}"},"query-input":{"@type":"PropertyValueSpecification","valueRequired":true,"valueName":"search_term_string"}}],"inLanguage":"en-GB"},{"@type":"Organization","@id":"https:\/\/intermediaproducciones.com\/#organization","name":"Intermedia Producciones","url":"https:\/\/intermediaproducciones.com\/","logo":{"@type":"ImageObject","inLanguage":"en-GB","@id":"https:\/\/intermediaproducciones.com\/#\/schema\/logo\/image\/","url":"https:\/\/intermediaproducciones.com\/wp-content\/uploads\/2019\/02\/logo_intermedia.png","contentUrl":"https:\/\/intermediaproducciones.com\/wp-content\/uploads\/2019\/02\/logo_intermedia.png","width":199,"height":216,"caption":"Intermedia Producciones"},"image":{"@id":"https:\/\/intermediaproducciones.com\/#\/schema\/logo\/image\/"},"sameAs":["https:\/\/www.facebook.com\/ProductoraIntermediaProducciones","https:\/\/vimeo.com\/intermedia","https:\/\/www.youtube.com\/user\/IntermediaProd","https:\/\/www.instagram.com\/intermediaproducciones\/","https:\/\/www.linkedin.com\/company\/intermedia-producciones\/"]}]}},"_links":{"self":[{"href":"https:\/\/intermediaproducciones.com\/en\/wp-json\/wp\/v2\/product\/2481","targetHints":{"allow":["GET"]}}],"collection":[{"href":"https:\/\/intermediaproducciones.com\/en\/wp-json\/wp\/v2\/product"}],"about":[{"href":"https:\/\/intermediaproducciones.com\/en\/wp-json\/wp\/v2\/types\/product"}],"wp:featuredmedia":[{"embeddable":true,"href":"https:\/\/intermediaproducciones.com\/en\/wp-json\/wp\/v2\/media\/2485"}],"wp:attachment":[{"href":"https:\/\/intermediaproducciones.com\/en\/wp-json\/wp\/v2\/media?parent=2481"}],"wp:term":[{"taxonomy":"product_brand","embeddable":true,"href":"https:\/\/intermediaproducciones.com\/en\/wp-json\/wp\/v2\/product_brand?post=2481"},{"taxonomy":"product_cat","embeddable":true,"href":"https:\/\/intermediaproducciones.com\/en\/wp-json\/wp\/v2\/product_cat?post=2481"},{"taxonomy":"product_tag","embeddable":true,"href":"https:\/\/intermediaproducciones.com\/en\/wp-json\/wp\/v2\/product_tag?post=2481"}],"curies":[{"name":"wp","href":"https:\/\/api.w.org\/{rel}","templated":true}]}}