{"id":2486,"date":"2018-08-01T10:51:14","date_gmt":"2018-08-01T10:51:14","guid":{"rendered":"https:\/\/intermediaproducciones.com\/?post_type=product&#038;p=2486"},"modified":"2022-02-11T12:14:59","modified_gmt":"2022-02-11T12:14:59","slug":"coleccion-memoria-historica-6-documentales","status":"publish","type":"product","link":"https:\/\/intermediaproducciones.com\/en\/product\/coleccion-memoria-historica-6-documentales\/","title":{"rendered":"Colecci\u00f3n Memoria Hist\u00f3rica 6 Documentales"},"content":{"rendered":"<p>Despu\u00e9s de 12 a\u00f1os documentando los testimonios de las victimas del franquismo, publicamos nuestra colecci\u00f3n de Memoria Hist\u00f3rica. En los seis documentales que la componen se destaca el valor de la memoria de nuestr@s mayores para el conocimiento de la Historia.<\/p>\n<p>El trabajo esclavo de los presos pol\u00edticos republicanos, la intervenci\u00f3n de las tropas coloniales en la Guerra Civil, el surgimiento de la guerrilla antifranquista en Andaluc\u00eda, las madres solteras en tiempos de dictadura, los deportados andaluces en los campos de exterminio nazi o la exhumaci\u00f3n de fosas comunes, son los temas elegidos para componer esta edici\u00f3n especial sobre la Memoria Hist\u00f3rica de las V\u00edctimas del franquismo.<\/p>\n<p>Los trabajos que se recogen son\u00a0Presos del Silencio (2004),\u00a0El Laberinto Marroqu\u00ed (2007), La partida (2007), La Madre sola (2010), Memoria de las Cenizas (2012), Guillena 1937 (2013).<\/p>\n<div style=\"padding: 56.25% 0 0 0; position: relative;\"><iframe style=\"position: absolute; top: 0; left: 0; width: 100%; height: 100%;\" src=\"https:\/\/player.vimeo.com\/video\/139683246\" frameborder=\"0\" allowfullscreen=\"allowfullscreen\"><\/iframe><\/div>\n<p><script src=\"https:\/\/player.vimeo.com\/api\/player.js\"><\/script><\/p>\n<p><strong>Dise\u00f1o<\/strong>: Ricardo Barqu\u00edn MoleroAfter 12 years of documenting the victims\u2019 records of Franco regime, we release our Historical Memory Collection. These six documentary films highlight the importance of our elders memory to learn about history.<\/p>\n<p>Republican political prisoners\u2019 Forced labour, the participation of colonial tropps in the civil war, the rise of antifrancoist guerrilla in Andaluc\u00eda, the single mothers during the dictatorship, the andalusians deported to the nazi extermination camps or the exhumation of mass graves are the selected issues to devise this special edition about the Historical Memory of the victims of Fraco\u2019s regime.<\/p>\n<p>The films disposed are Prisioners of Silence (2004), Moroccan Labyrinth (2007), La partida (2007), The single mother (2010), Memory of ashes (2012), Guillena 1937 (2013).<\/p>\n<p><strong>Design<\/strong>: Ricardo Barqu\u00edn Molero<\/p>\n<div style=\"padding: 56.25% 0 0 0; position: relative;\"><iframe style=\"position: absolute; top: 0; left: 0; width: 100%; height: 100%;\" src=\"https:\/\/player.vimeo.com\/video\/139683246\" frameborder=\"0\" allowfullscreen=\"allowfullscreen\"><\/iframe><\/div>\n<p><script src=\"https:\/\/player.vimeo.com\/api\/player.js\"><\/script><\/p>","protected":false},"excerpt":{"rendered":"<p>Despu\u00e9s de 12 a\u00f1os documentando los testimonios de las victimas del franquismo, publicamos nuestra colecci\u00f3n de Memoria Hist\u00f3rica. En los seis documentales que la componen se destaca el valor de la memoria de nuestr@s mayores para el conocimiento de la Historia.<\/p>\n<p>El trabajo esclavo de los presos pol\u00edticos republicanos, la intervenci\u00f3n de las tropas coloniales en la Guerra Civil, el surgimiento de la guerrilla antifranquista en Andaluc\u00eda, las madres solteras en tiempos de dictadura, los deportados andaluces en los campos de exterminio nazi o la exhumaci\u00f3n de fosas comunes, son los temas elegidos para componer esta edici\u00f3n especial sobre la Memoria Hist\u00f3rica de las V\u00edctimas del franquismo.<\/p>\n<p>Los trabajos que se recogen son\u00a0Presos del Silencio (2004),\u00a0El Laberinto Marroqu\u00ed (2007), La partida (2007), La Madre sola (2010), Memoria de las Cenizas (2012), Guillena 1937 (2013).<\/p>","protected":false},"featured_media":2487,"template":"","meta":{"_acf_changed":false},"product_brand":[],"product_cat":[422],"product_tag":[853,855,854],"class_list":{"0":"post-2486","1":"product","2":"type-product","3":"status-publish","4":"has-post-thumbnail","6":"product_cat-productos","7":"product_tag-coleccion","8":"product_tag-documentales","9":"product_tag-memoria-historica","11":"first","12":"instock","13":"taxable","14":"shipping-taxable","15":"purchasable","16":"product-type-simple"},"acf":[],"yoast_head":"<!-- This site is optimized with the Yoast SEO plugin v25.3.1 - https:\/\/yoast.com\/wordpress\/plugins\/seo\/ -->\n<title>Colecci\u00f3n Memoria Hist\u00f3rica 6 Documentales - Intermedia Producciones<\/title>\n<meta name=\"robots\" content=\"index, follow, max-snippet:-1, max-image-preview:large, max-video-preview:-1\" \/>\n<link rel=\"canonical\" href=\"https:\/\/intermediaproducciones.com\/en\/product\/coleccion-memoria-historica-6-documentales\/\" \/>\n<meta property=\"og:locale\" content=\"en_GB\" \/>\n<meta property=\"og:type\" content=\"article\" \/>\n<meta property=\"og:title\" content=\"Colecci\u00f3n Memoria Hist\u00f3rica 6 Documentales - Intermedia Producciones\" \/>\n<meta property=\"og:description\" content=\"Despu\u00e9s de 12 a\u00f1os documentando los testimonios de las victimas del franquismo, publicamos nuestra colecci\u00f3n de Memoria Hist\u00f3rica. En los seis documentales que la componen se destaca el valor de la memoria de nuestr@s mayores para el conocimiento de la Historia.  El trabajo esclavo de los presos pol\u00edticos republicanos, la intervenci\u00f3n de las tropas coloniales en la Guerra Civil, el surgimiento de la guerrilla antifranquista en Andaluc\u00eda, las madres solteras en tiempos de dictadura, los deportados andaluces en los campos de exterminio nazi o la exhumaci\u00f3n de fosas comunes, son los temas elegidos para componer esta edici\u00f3n especial sobre la Memoria Hist\u00f3rica de las V\u00edctimas del franquismo.  Los trabajos que se recogen son\u00a0Presos del Silencio (2004),\u00a0El Laberinto Marroqu\u00ed (2007), La partida (2007), La Madre sola (2010), Memoria de las Cenizas (2012), Guillena 1937 (2013).\" \/>\n<meta property=\"og:url\" content=\"https:\/\/intermediaproducciones.com\/en\/product\/coleccion-memoria-historica-6-documentales\/\" \/>\n<meta property=\"og:site_name\" content=\"Intermedia Producciones\" \/>\n<meta property=\"article:publisher\" content=\"https:\/\/www.facebook.com\/ProductoraIntermediaProducciones\" \/>\n<meta property=\"article:modified_time\" content=\"2022-02-11T12:14:59+00:00\" \/>\n<meta property=\"og:image\" content=\"https:\/\/intermediaproducciones.com\/wp-content\/uploads\/2018\/08\/coleccion_mh.jpg\" \/>\n\t<meta property=\"og:image:width\" content=\"379\" \/>\n\t<meta property=\"og:image:height\" content=\"391\" \/>\n\t<meta property=\"og:image:type\" content=\"image\/jpeg\" \/>\n<meta name=\"twitter:card\" content=\"summary_large_image\" \/>\n<meta name=\"twitter:label1\" content=\"Estimated reading time\" \/>\n\t<meta name=\"twitter:data1\" content=\"1 minute\" \/>\n<script type=\"application\/ld+json\" class=\"yoast-schema-graph\">{\"@context\":\"https:\/\/schema.org\",\"@graph\":[{\"@type\":\"WebPage\",\"@id\":\"https:\/\/intermediaproducciones.com\/en\/product\/coleccion-memoria-historica-6-documentales\/\",\"url\":\"https:\/\/intermediaproducciones.com\/en\/product\/coleccion-memoria-historica-6-documentales\/\",\"name\":\"Colecci\u00f3n Memoria Hist\u00f3rica 6 Documentales - Intermedia Producciones\",\"isPartOf\":{\"@id\":\"https:\/\/intermediaproducciones.com\/#website\"},\"primaryImageOfPage\":{\"@id\":\"https:\/\/intermediaproducciones.com\/en\/product\/coleccion-memoria-historica-6-documentales\/#primaryimage\"},\"image\":{\"@id\":\"https:\/\/intermediaproducciones.com\/en\/product\/coleccion-memoria-historica-6-documentales\/#primaryimage\"},\"thumbnailUrl\":\"https:\/\/intermediaproducciones.com\/wp-content\/uploads\/2018\/08\/coleccion_mh.jpg\",\"datePublished\":\"2018-08-01T10:51:14+00:00\",\"dateModified\":\"2022-02-11T12:14:59+00:00\",\"breadcrumb\":{\"@id\":\"https:\/\/intermediaproducciones.com\/en\/product\/coleccion-memoria-historica-6-documentales\/#breadcrumb\"},\"inLanguage\":\"en-GB\",\"potentialAction\":[{\"@type\":\"ReadAction\",\"target\":[\"https:\/\/intermediaproducciones.com\/en\/product\/coleccion-memoria-historica-6-documentales\/\"]}]},{\"@type\":\"ImageObject\",\"inLanguage\":\"en-GB\",\"@id\":\"https:\/\/intermediaproducciones.com\/en\/product\/coleccion-memoria-historica-6-documentales\/#primaryimage\",\"url\":\"https:\/\/intermediaproducciones.com\/wp-content\/uploads\/2018\/08\/coleccion_mh.jpg\",\"contentUrl\":\"https:\/\/intermediaproducciones.com\/wp-content\/uploads\/2018\/08\/coleccion_mh.jpg\",\"width\":379,\"height\":391},{\"@type\":\"BreadcrumbList\",\"@id\":\"https:\/\/intermediaproducciones.com\/en\/product\/coleccion-memoria-historica-6-documentales\/#breadcrumb\",\"itemListElement\":[{\"@type\":\"ListItem\",\"position\":1,\"name\":\"Portada\",\"item\":\"https:\/\/intermediaproducciones.com\/\"},{\"@type\":\"ListItem\",\"position\":2,\"name\":\"Tienda\",\"item\":\"https:\/\/intermediaproducciones.com\/en\/tienda\/\"},{\"@type\":\"ListItem\",\"position\":3,\"name\":\"Colecci\u00f3n Memoria Hist\u00f3rica 6 Documentales\"}]},{\"@type\":\"WebSite\",\"@id\":\"https:\/\/intermediaproducciones.com\/#website\",\"url\":\"https:\/\/intermediaproducciones.com\/\",\"name\":\"Intermedia Producciones\",\"description\":\"Miradas, Visiones y Realidades\",\"publisher\":{\"@id\":\"https:\/\/intermediaproducciones.com\/#organization\"},\"potentialAction\":[{\"@type\":\"SearchAction\",\"target\":{\"@type\":\"EntryPoint\",\"urlTemplate\":\"https:\/\/intermediaproducciones.com\/?s={search_term_string}\"},\"query-input\":{\"@type\":\"PropertyValueSpecification\",\"valueRequired\":true,\"valueName\":\"search_term_string\"}}],\"inLanguage\":\"en-GB\"},{\"@type\":\"Organization\",\"@id\":\"https:\/\/intermediaproducciones.com\/#organization\",\"name\":\"Intermedia Producciones\",\"url\":\"https:\/\/intermediaproducciones.com\/\",\"logo\":{\"@type\":\"ImageObject\",\"inLanguage\":\"en-GB\",\"@id\":\"https:\/\/intermediaproducciones.com\/#\/schema\/logo\/image\/\",\"url\":\"https:\/\/intermediaproducciones.com\/wp-content\/uploads\/2019\/02\/logo_intermedia.png\",\"contentUrl\":\"https:\/\/intermediaproducciones.com\/wp-content\/uploads\/2019\/02\/logo_intermedia.png\",\"width\":199,\"height\":216,\"caption\":\"Intermedia Producciones\"},\"image\":{\"@id\":\"https:\/\/intermediaproducciones.com\/#\/schema\/logo\/image\/\"},\"sameAs\":[\"https:\/\/www.facebook.com\/ProductoraIntermediaProducciones\",\"https:\/\/vimeo.com\/intermedia\",\"https:\/\/www.youtube.com\/user\/IntermediaProd\",\"https:\/\/www.instagram.com\/intermediaproducciones\/\",\"https:\/\/www.linkedin.com\/company\/intermedia-producciones\/\"]}]}<\/script>\n<!-- \/ Yoast SEO plugin. -->","yoast_head_json":{"title":"Colecci\u00f3n Memoria Hist\u00f3rica 6 Documentales - Intermedia Producciones","robots":{"index":"index","follow":"follow","max-snippet":"max-snippet:-1","max-image-preview":"max-image-preview:large","max-video-preview":"max-video-preview:-1"},"canonical":"https:\/\/intermediaproducciones.com\/en\/product\/coleccion-memoria-historica-6-documentales\/","og_locale":"en_GB","og_type":"article","og_title":"Colecci\u00f3n Memoria Hist\u00f3rica 6 Documentales - Intermedia Producciones","og_description":"Despu\u00e9s de 12 a\u00f1os documentando los testimonios de las victimas del franquismo, publicamos nuestra colecci\u00f3n de Memoria Hist\u00f3rica. En los seis documentales que la componen se destaca el valor de la memoria de nuestr@s mayores para el conocimiento de la Historia.  El trabajo esclavo de los presos pol\u00edticos republicanos, la intervenci\u00f3n de las tropas coloniales en la Guerra Civil, el surgimiento de la guerrilla antifranquista en Andaluc\u00eda, las madres solteras en tiempos de dictadura, los deportados andaluces en los campos de exterminio nazi o la exhumaci\u00f3n de fosas comunes, son los temas elegidos para componer esta edici\u00f3n especial sobre la Memoria Hist\u00f3rica de las V\u00edctimas del franquismo.  Los trabajos que se recogen son\u00a0Presos del Silencio (2004),\u00a0El Laberinto Marroqu\u00ed (2007), La partida (2007), La Madre sola (2010), Memoria de las Cenizas (2012), Guillena 1937 (2013).","og_url":"https:\/\/intermediaproducciones.com\/en\/product\/coleccion-memoria-historica-6-documentales\/","og_site_name":"Intermedia Producciones","article_publisher":"https:\/\/www.facebook.com\/ProductoraIntermediaProducciones","article_modified_time":"2022-02-11T12:14:59+00:00","og_image":[{"width":379,"height":391,"url":"https:\/\/intermediaproducciones.com\/wp-content\/uploads\/2018\/08\/coleccion_mh.jpg","type":"image\/jpeg"}],"twitter_card":"summary_large_image","twitter_misc":{"Estimated reading time":"1 minute"},"schema":{"@context":"https:\/\/schema.org","@graph":[{"@type":"WebPage","@id":"https:\/\/intermediaproducciones.com\/en\/product\/coleccion-memoria-historica-6-documentales\/","url":"https:\/\/intermediaproducciones.com\/en\/product\/coleccion-memoria-historica-6-documentales\/","name":"Colecci\u00f3n Memoria Hist\u00f3rica 6 Documentales - Intermedia Producciones","isPartOf":{"@id":"https:\/\/intermediaproducciones.com\/#website"},"primaryImageOfPage":{"@id":"https:\/\/intermediaproducciones.com\/en\/product\/coleccion-memoria-historica-6-documentales\/#primaryimage"},"image":{"@id":"https:\/\/intermediaproducciones.com\/en\/product\/coleccion-memoria-historica-6-documentales\/#primaryimage"},"thumbnailUrl":"https:\/\/intermediaproducciones.com\/wp-content\/uploads\/2018\/08\/coleccion_mh.jpg","datePublished":"2018-08-01T10:51:14+00:00","dateModified":"2022-02-11T12:14:59+00:00","breadcrumb":{"@id":"https:\/\/intermediaproducciones.com\/en\/product\/coleccion-memoria-historica-6-documentales\/#breadcrumb"},"inLanguage":"en-GB","potentialAction":[{"@type":"ReadAction","target":["https:\/\/intermediaproducciones.com\/en\/product\/coleccion-memoria-historica-6-documentales\/"]}]},{"@type":"ImageObject","inLanguage":"en-GB","@id":"https:\/\/intermediaproducciones.com\/en\/product\/coleccion-memoria-historica-6-documentales\/#primaryimage","url":"https:\/\/intermediaproducciones.com\/wp-content\/uploads\/2018\/08\/coleccion_mh.jpg","contentUrl":"https:\/\/intermediaproducciones.com\/wp-content\/uploads\/2018\/08\/coleccion_mh.jpg","width":379,"height":391},{"@type":"BreadcrumbList","@id":"https:\/\/intermediaproducciones.com\/en\/product\/coleccion-memoria-historica-6-documentales\/#breadcrumb","itemListElement":[{"@type":"ListItem","position":1,"name":"Portada","item":"https:\/\/intermediaproducciones.com\/"},{"@type":"ListItem","position":2,"name":"Tienda","item":"https:\/\/intermediaproducciones.com\/en\/tienda\/"},{"@type":"ListItem","position":3,"name":"Colecci\u00f3n Memoria Hist\u00f3rica 6 Documentales"}]},{"@type":"WebSite","@id":"https:\/\/intermediaproducciones.com\/#website","url":"https:\/\/intermediaproducciones.com\/","name":"Intermedia Producciones","description":"Miradas, Visiones y Realidades","publisher":{"@id":"https:\/\/intermediaproducciones.com\/#organization"},"potentialAction":[{"@type":"SearchAction","target":{"@type":"EntryPoint","urlTemplate":"https:\/\/intermediaproducciones.com\/?s={search_term_string}"},"query-input":{"@type":"PropertyValueSpecification","valueRequired":true,"valueName":"search_term_string"}}],"inLanguage":"en-GB"},{"@type":"Organization","@id":"https:\/\/intermediaproducciones.com\/#organization","name":"Intermedia Producciones","url":"https:\/\/intermediaproducciones.com\/","logo":{"@type":"ImageObject","inLanguage":"en-GB","@id":"https:\/\/intermediaproducciones.com\/#\/schema\/logo\/image\/","url":"https:\/\/intermediaproducciones.com\/wp-content\/uploads\/2019\/02\/logo_intermedia.png","contentUrl":"https:\/\/intermediaproducciones.com\/wp-content\/uploads\/2019\/02\/logo_intermedia.png","width":199,"height":216,"caption":"Intermedia Producciones"},"image":{"@id":"https:\/\/intermediaproducciones.com\/#\/schema\/logo\/image\/"},"sameAs":["https:\/\/www.facebook.com\/ProductoraIntermediaProducciones","https:\/\/vimeo.com\/intermedia","https:\/\/www.youtube.com\/user\/IntermediaProd","https:\/\/www.instagram.com\/intermediaproducciones\/","https:\/\/www.linkedin.com\/company\/intermedia-producciones\/"]}]}},"_links":{"self":[{"href":"https:\/\/intermediaproducciones.com\/en\/wp-json\/wp\/v2\/product\/2486","targetHints":{"allow":["GET"]}}],"collection":[{"href":"https:\/\/intermediaproducciones.com\/en\/wp-json\/wp\/v2\/product"}],"about":[{"href":"https:\/\/intermediaproducciones.com\/en\/wp-json\/wp\/v2\/types\/product"}],"wp:featuredmedia":[{"embeddable":true,"href":"https:\/\/intermediaproducciones.com\/en\/wp-json\/wp\/v2\/media\/2487"}],"wp:attachment":[{"href":"https:\/\/intermediaproducciones.com\/en\/wp-json\/wp\/v2\/media?parent=2486"}],"wp:term":[{"taxonomy":"product_brand","embeddable":true,"href":"https:\/\/intermediaproducciones.com\/en\/wp-json\/wp\/v2\/product_brand?post=2486"},{"taxonomy":"product_cat","embeddable":true,"href":"https:\/\/intermediaproducciones.com\/en\/wp-json\/wp\/v2\/product_cat?post=2486"},{"taxonomy":"product_tag","embeddable":true,"href":"https:\/\/intermediaproducciones.com\/en\/wp-json\/wp\/v2\/product_tag?post=2486"}],"curies":[{"name":"wp","href":"https:\/\/api.w.org\/{rel}","templated":true}]}}