{"id":2519,"date":"2018-08-22T16:39:23","date_gmt":"2018-08-22T16:39:23","guid":{"rendered":"https:\/\/intermediaproducciones.com\/?post_type=product&#038;p=2519"},"modified":"2022-02-10T11:38:00","modified_gmt":"2022-02-10T11:38:00","slug":"brad-una-noche-mas-en-las-barricadas","status":"publish","type":"product","link":"https:\/\/intermediaproducciones.com\/en\/product\/brad-una-noche-mas-en-las-barricadas\/","title":{"rendered":"Brad"},"content":{"rendered":"<p>Documental<br \/>\nDV. 53\u2032. DICIEMBRE 2007<\/p>\n<p><strong>Direcci\u00f3n y Gui\u00f3n:<\/strong> Miguel Castro<br \/>\n<strong>Productor Asociado:<\/strong> Julio S\u00e1nchez Veiga<\/p>\n<p><strong>Synopsis:<\/strong> La noche del 27 de octubre de 2006, mi tel\u00e9fono son\u00f3. Era un amigo. Llorando me dijo que unas horas antes hab\u00ed\u00adan asesinado a Brad, c\u00e1mara en mano, filmando una barricada en la rebeli\u00f3n popular de Oaxaca, en M\u00e9xico. Me qued\u00e9 sin palabras. \u00bfQu\u00e9 se puede decir de la muerte inesperada de un amigo? Aquel tiro tambi\u00e9n me dio. A m\u00ed\u00ad y a muchos otros que, como Brad, nos dedicamos a filmar los movimientos sociales, pero desde otra perspectiva, desde dentro, mostrando lo que las grandes corporaciones de la comunicaci\u00f3n no quieren ver. Esta es nuestra historia.<\/p>\n<p>Coproducido con Familia Bastos Produ\u00e7oes<\/p>\n<p><strong>History<\/strong><\/p>\n<p>Screened in the International Community Film Festival 2008 of Northampton (UK).<br \/>\nSelecci\u00f3n oficial en el Festival des Libertes 2008. B\u00e9lgica.<br \/>\nFestival ECOBAHIA 2008. Salvador de Bah\u00ed\u00ada, Brasil.Documentary<br \/>\nDV. 53\u2032. DECEMBER 2007<\/p>\n<p><strong>Directed by:<\/strong> Miguel Castro<br \/>\n<strong>Script:<\/strong> Miguel Castro<br \/>\n<strong>Associated Producer:<\/strong> Julio S\u00e1nchez Veiga<\/p>\n<p><strong>Synopsis:<\/strong> On the night of October 27, 2006, my phone rang. It was a friend. He told me crying that a few hours earlier Brad had been killed, camera in hand, filming inside a barricade in the popular uprising of Oaxaca, Mexico. I was speechless. What can you say about the unexpected death of a friend? That bullet was also aimed at me. At me and at many others who, like Brad, are committed to film social movements from another perspective, from inside, showing what big corporations don\u2019t want to see. This is our story.<\/p>\n<p>Co-produced by Familia Bastos Produ\u00e7oes<\/p>\n<p><strong>Achievements<\/strong><\/p>\n<p>Screened in the International Community Film Festival 2008 of Northampton (UK).<br \/>\nFestival des Libertes (Official Section) 2008. B\u00e9lgica.<br \/>\nFestival ECOBAHIA 2008. Salvador de Bah\u00ed\u00ada, Brasil.<\/p>","protected":false},"excerpt":{"rendered":"<p>Documental DV. 53\u2032. DICIEMBRE 2007 Direcci\u00f3n y Gui\u00f3n: Miguel Castro Productor Asociado: Julio S\u00e1nchez Veiga Sinopsis: La noche del 27 de octubre de 2006, mi tel\u00e9fono son\u00f3. Era un amigo. Llorando me dijo que unas horas antes hab\u00ed\u00adan asesinado a Brad, c\u00e1mara en mano, filmando una barricada en la rebeli\u00f3n popular de Oaxaca, en M\u00e9xico. [&hellip;]<\/p>","protected":false},"featured_media":2520,"template":"","meta":{"_acf_changed":false},"product_brand":[],"product_cat":[422],"product_tag":[2497,493,2498,2499],"class_list":{"0":"post-2519","1":"product","2":"type-product","3":"status-publish","4":"has-post-thumbnail","6":"product_cat-productos","7":"product_tag-brad","8":"product_tag-documental","9":"product_tag-mexico","10":"product_tag-oaxaca","12":"first","13":"instock","14":"taxable","15":"shipping-taxable","16":"purchasable","17":"product-type-simple"},"acf":[],"yoast_head":"<!-- This site is optimized with the Yoast SEO plugin v25.3.1 - https:\/\/yoast.com\/wordpress\/plugins\/seo\/ -->\n<title>Brad - Intermedia Producciones<\/title>\n<meta name=\"robots\" content=\"index, follow, max-snippet:-1, max-image-preview:large, max-video-preview:-1\" \/>\n<link rel=\"canonical\" href=\"https:\/\/intermediaproducciones.com\/en\/product\/brad-una-noche-mas-en-las-barricadas\/\" \/>\n<meta property=\"og:locale\" content=\"en_GB\" \/>\n<meta property=\"og:type\" content=\"article\" \/>\n<meta property=\"og:title\" content=\"Brad - Intermedia Producciones\" \/>\n<meta property=\"og:description\" content=\"Documental DV. 53\u2032. DICIEMBRE 2007 Direcci\u00f3n y Gui\u00f3n: Miguel Castro Productor Asociado: Julio S\u00e1nchez Veiga Sinopsis: La noche del 27 de octubre de 2006, mi tel\u00e9fono son\u00f3. Era un amigo. Llorando me dijo que unas horas antes hab\u00ed\u00adan asesinado a Brad, c\u00e1mara en mano, filmando una barricada en la rebeli\u00f3n popular de Oaxaca, en M\u00e9xico. [&hellip;]\" \/>\n<meta property=\"og:url\" content=\"https:\/\/intermediaproducciones.com\/en\/product\/brad-una-noche-mas-en-las-barricadas\/\" \/>\n<meta property=\"og:site_name\" content=\"Intermedia Producciones\" \/>\n<meta property=\"article:publisher\" content=\"https:\/\/www.facebook.com\/ProductoraIntermediaProducciones\" \/>\n<meta property=\"article:modified_time\" content=\"2022-02-10T11:38:00+00:00\" \/>\n<meta property=\"og:image\" content=\"https:\/\/intermediaproducciones.com\/wp-content\/uploads\/2018\/08\/brad_high-724x1024.png\" \/>\n\t<meta property=\"og:image:width\" content=\"724\" \/>\n\t<meta property=\"og:image:height\" content=\"1024\" \/>\n\t<meta property=\"og:image:type\" content=\"image\/png\" \/>\n<meta name=\"twitter:card\" content=\"summary_large_image\" \/>\n<meta name=\"twitter:label1\" content=\"Estimated reading time\" \/>\n\t<meta name=\"twitter:data1\" content=\"1 minute\" \/>\n<script type=\"application\/ld+json\" class=\"yoast-schema-graph\">{\"@context\":\"https:\/\/schema.org\",\"@graph\":[{\"@type\":\"WebPage\",\"@id\":\"https:\/\/intermediaproducciones.com\/en\/product\/brad-una-noche-mas-en-las-barricadas\/\",\"url\":\"https:\/\/intermediaproducciones.com\/en\/product\/brad-una-noche-mas-en-las-barricadas\/\",\"name\":\"Brad - Intermedia Producciones\",\"isPartOf\":{\"@id\":\"https:\/\/intermediaproducciones.com\/#website\"},\"primaryImageOfPage\":{\"@id\":\"https:\/\/intermediaproducciones.com\/en\/product\/brad-una-noche-mas-en-las-barricadas\/#primaryimage\"},\"image\":{\"@id\":\"https:\/\/intermediaproducciones.com\/en\/product\/brad-una-noche-mas-en-las-barricadas\/#primaryimage\"},\"thumbnailUrl\":\"https:\/\/intermediaproducciones.com\/wp-content\/uploads\/2018\/08\/brad_high.png\",\"datePublished\":\"2018-08-22T16:39:23+00:00\",\"dateModified\":\"2022-02-10T11:38:00+00:00\",\"breadcrumb\":{\"@id\":\"https:\/\/intermediaproducciones.com\/en\/product\/brad-una-noche-mas-en-las-barricadas\/#breadcrumb\"},\"inLanguage\":\"en-GB\",\"potentialAction\":[{\"@type\":\"ReadAction\",\"target\":[\"https:\/\/intermediaproducciones.com\/en\/product\/brad-una-noche-mas-en-las-barricadas\/\"]}]},{\"@type\":\"ImageObject\",\"inLanguage\":\"en-GB\",\"@id\":\"https:\/\/intermediaproducciones.com\/en\/product\/brad-una-noche-mas-en-las-barricadas\/#primaryimage\",\"url\":\"https:\/\/intermediaproducciones.com\/wp-content\/uploads\/2018\/08\/brad_high.png\",\"contentUrl\":\"https:\/\/intermediaproducciones.com\/wp-content\/uploads\/2018\/08\/brad_high.png\",\"width\":1000,\"height\":1414},{\"@type\":\"BreadcrumbList\",\"@id\":\"https:\/\/intermediaproducciones.com\/en\/product\/brad-una-noche-mas-en-las-barricadas\/#breadcrumb\",\"itemListElement\":[{\"@type\":\"ListItem\",\"position\":1,\"name\":\"Portada\",\"item\":\"https:\/\/intermediaproducciones.com\/\"},{\"@type\":\"ListItem\",\"position\":2,\"name\":\"Tienda\",\"item\":\"https:\/\/intermediaproducciones.com\/en\/tienda\/\"},{\"@type\":\"ListItem\",\"position\":3,\"name\":\"Brad\"}]},{\"@type\":\"WebSite\",\"@id\":\"https:\/\/intermediaproducciones.com\/#website\",\"url\":\"https:\/\/intermediaproducciones.com\/\",\"name\":\"Intermedia Producciones\",\"description\":\"Miradas, Visiones y Realidades\",\"publisher\":{\"@id\":\"https:\/\/intermediaproducciones.com\/#organization\"},\"potentialAction\":[{\"@type\":\"SearchAction\",\"target\":{\"@type\":\"EntryPoint\",\"urlTemplate\":\"https:\/\/intermediaproducciones.com\/?s={search_term_string}\"},\"query-input\":{\"@type\":\"PropertyValueSpecification\",\"valueRequired\":true,\"valueName\":\"search_term_string\"}}],\"inLanguage\":\"en-GB\"},{\"@type\":\"Organization\",\"@id\":\"https:\/\/intermediaproducciones.com\/#organization\",\"name\":\"Intermedia Producciones\",\"url\":\"https:\/\/intermediaproducciones.com\/\",\"logo\":{\"@type\":\"ImageObject\",\"inLanguage\":\"en-GB\",\"@id\":\"https:\/\/intermediaproducciones.com\/#\/schema\/logo\/image\/\",\"url\":\"https:\/\/intermediaproducciones.com\/wp-content\/uploads\/2019\/02\/logo_intermedia.png\",\"contentUrl\":\"https:\/\/intermediaproducciones.com\/wp-content\/uploads\/2019\/02\/logo_intermedia.png\",\"width\":199,\"height\":216,\"caption\":\"Intermedia Producciones\"},\"image\":{\"@id\":\"https:\/\/intermediaproducciones.com\/#\/schema\/logo\/image\/\"},\"sameAs\":[\"https:\/\/www.facebook.com\/ProductoraIntermediaProducciones\",\"https:\/\/vimeo.com\/intermedia\",\"https:\/\/www.youtube.com\/user\/IntermediaProd\",\"https:\/\/www.instagram.com\/intermediaproducciones\/\",\"https:\/\/www.linkedin.com\/company\/intermedia-producciones\/\"]}]}<\/script>\n<!-- \/ Yoast SEO plugin. -->","yoast_head_json":{"title":"Brad - Intermedia Producciones","robots":{"index":"index","follow":"follow","max-snippet":"max-snippet:-1","max-image-preview":"max-image-preview:large","max-video-preview":"max-video-preview:-1"},"canonical":"https:\/\/intermediaproducciones.com\/en\/product\/brad-una-noche-mas-en-las-barricadas\/","og_locale":"en_GB","og_type":"article","og_title":"Brad - Intermedia Producciones","og_description":"Documental DV. 53\u2032. DICIEMBRE 2007 Direcci\u00f3n y Gui\u00f3n: Miguel Castro Productor Asociado: Julio S\u00e1nchez Veiga Sinopsis: La noche del 27 de octubre de 2006, mi tel\u00e9fono son\u00f3. Era un amigo. Llorando me dijo que unas horas antes hab\u00ed\u00adan asesinado a Brad, c\u00e1mara en mano, filmando una barricada en la rebeli\u00f3n popular de Oaxaca, en M\u00e9xico. [&hellip;]","og_url":"https:\/\/intermediaproducciones.com\/en\/product\/brad-una-noche-mas-en-las-barricadas\/","og_site_name":"Intermedia Producciones","article_publisher":"https:\/\/www.facebook.com\/ProductoraIntermediaProducciones","article_modified_time":"2022-02-10T11:38:00+00:00","og_image":[{"width":724,"height":1024,"url":"https:\/\/intermediaproducciones.com\/wp-content\/uploads\/2018\/08\/brad_high-724x1024.png","type":"image\/png"}],"twitter_card":"summary_large_image","twitter_misc":{"Estimated reading time":"1 minute"},"schema":{"@context":"https:\/\/schema.org","@graph":[{"@type":"WebPage","@id":"https:\/\/intermediaproducciones.com\/en\/product\/brad-una-noche-mas-en-las-barricadas\/","url":"https:\/\/intermediaproducciones.com\/en\/product\/brad-una-noche-mas-en-las-barricadas\/","name":"Brad - Intermedia Producciones","isPartOf":{"@id":"https:\/\/intermediaproducciones.com\/#website"},"primaryImageOfPage":{"@id":"https:\/\/intermediaproducciones.com\/en\/product\/brad-una-noche-mas-en-las-barricadas\/#primaryimage"},"image":{"@id":"https:\/\/intermediaproducciones.com\/en\/product\/brad-una-noche-mas-en-las-barricadas\/#primaryimage"},"thumbnailUrl":"https:\/\/intermediaproducciones.com\/wp-content\/uploads\/2018\/08\/brad_high.png","datePublished":"2018-08-22T16:39:23+00:00","dateModified":"2022-02-10T11:38:00+00:00","breadcrumb":{"@id":"https:\/\/intermediaproducciones.com\/en\/product\/brad-una-noche-mas-en-las-barricadas\/#breadcrumb"},"inLanguage":"en-GB","potentialAction":[{"@type":"ReadAction","target":["https:\/\/intermediaproducciones.com\/en\/product\/brad-una-noche-mas-en-las-barricadas\/"]}]},{"@type":"ImageObject","inLanguage":"en-GB","@id":"https:\/\/intermediaproducciones.com\/en\/product\/brad-una-noche-mas-en-las-barricadas\/#primaryimage","url":"https:\/\/intermediaproducciones.com\/wp-content\/uploads\/2018\/08\/brad_high.png","contentUrl":"https:\/\/intermediaproducciones.com\/wp-content\/uploads\/2018\/08\/brad_high.png","width":1000,"height":1414},{"@type":"BreadcrumbList","@id":"https:\/\/intermediaproducciones.com\/en\/product\/brad-una-noche-mas-en-las-barricadas\/#breadcrumb","itemListElement":[{"@type":"ListItem","position":1,"name":"Portada","item":"https:\/\/intermediaproducciones.com\/"},{"@type":"ListItem","position":2,"name":"Tienda","item":"https:\/\/intermediaproducciones.com\/en\/tienda\/"},{"@type":"ListItem","position":3,"name":"Brad"}]},{"@type":"WebSite","@id":"https:\/\/intermediaproducciones.com\/#website","url":"https:\/\/intermediaproducciones.com\/","name":"Intermedia Producciones","description":"Miradas, Visiones y Realidades","publisher":{"@id":"https:\/\/intermediaproducciones.com\/#organization"},"potentialAction":[{"@type":"SearchAction","target":{"@type":"EntryPoint","urlTemplate":"https:\/\/intermediaproducciones.com\/?s={search_term_string}"},"query-input":{"@type":"PropertyValueSpecification","valueRequired":true,"valueName":"search_term_string"}}],"inLanguage":"en-GB"},{"@type":"Organization","@id":"https:\/\/intermediaproducciones.com\/#organization","name":"Intermedia Producciones","url":"https:\/\/intermediaproducciones.com\/","logo":{"@type":"ImageObject","inLanguage":"en-GB","@id":"https:\/\/intermediaproducciones.com\/#\/schema\/logo\/image\/","url":"https:\/\/intermediaproducciones.com\/wp-content\/uploads\/2019\/02\/logo_intermedia.png","contentUrl":"https:\/\/intermediaproducciones.com\/wp-content\/uploads\/2019\/02\/logo_intermedia.png","width":199,"height":216,"caption":"Intermedia Producciones"},"image":{"@id":"https:\/\/intermediaproducciones.com\/#\/schema\/logo\/image\/"},"sameAs":["https:\/\/www.facebook.com\/ProductoraIntermediaProducciones","https:\/\/vimeo.com\/intermedia","https:\/\/www.youtube.com\/user\/IntermediaProd","https:\/\/www.instagram.com\/intermediaproducciones\/","https:\/\/www.linkedin.com\/company\/intermedia-producciones\/"]}]}},"_links":{"self":[{"href":"https:\/\/intermediaproducciones.com\/en\/wp-json\/wp\/v2\/product\/2519","targetHints":{"allow":["GET"]}}],"collection":[{"href":"https:\/\/intermediaproducciones.com\/en\/wp-json\/wp\/v2\/product"}],"about":[{"href":"https:\/\/intermediaproducciones.com\/en\/wp-json\/wp\/v2\/types\/product"}],"wp:featuredmedia":[{"embeddable":true,"href":"https:\/\/intermediaproducciones.com\/en\/wp-json\/wp\/v2\/media\/2520"}],"wp:attachment":[{"href":"https:\/\/intermediaproducciones.com\/en\/wp-json\/wp\/v2\/media?parent=2519"}],"wp:term":[{"taxonomy":"product_brand","embeddable":true,"href":"https:\/\/intermediaproducciones.com\/en\/wp-json\/wp\/v2\/product_brand?post=2519"},{"taxonomy":"product_cat","embeddable":true,"href":"https:\/\/intermediaproducciones.com\/en\/wp-json\/wp\/v2\/product_cat?post=2519"},{"taxonomy":"product_tag","embeddable":true,"href":"https:\/\/intermediaproducciones.com\/en\/wp-json\/wp\/v2\/product_tag?post=2519"}],"curies":[{"name":"wp","href":"https:\/\/api.w.org\/{rel}","templated":true}]}}