{"id":2523,"date":"2018-08-22T16:51:29","date_gmt":"2018-08-22T16:51:29","guid":{"rendered":"https:\/\/intermediaproducciones.com\/?post_type=product&#038;p=2523"},"modified":"2022-02-10T11:37:52","modified_gmt":"2022-02-10T11:37:52","slug":"el-laberinto-marroqui","status":"publish","type":"product","link":"https:\/\/intermediaproducciones.com\/en\/product\/el-laberinto-marroqui\/","title":{"rendered":"Moroccan Labyrinth"},"content":{"rendered":"<p>Documental<br \/>\nHD CAM. 97\u2032. OCTUBRE 2007<\/p>\n<p><strong>Direcci\u00f3n y Gui\u00f3n:<\/strong> Julio S\u00e1nchez Veiga<br \/>\n<strong>Direcci\u00f3n de Fotograf\u00ed\u00ada:<\/strong> Mariano Agudo<br \/>\n<strong>Jefa de Producci\u00f3n:<\/strong> Natalia de Ancos<br \/>\n<strong>Sound:<\/strong> Daniel de Zayas<br \/>\n<strong>Dise\u00f1o Gr\u00e1fico:<\/strong> Joaqu\u00ed\u00adn Le\u00f3n, Mar\u00ed\u00ada Rodr\u00ed\u00adguez<br \/>\n<strong>Asesoramiento Hist\u00f3rico:<\/strong> Mar\u00ed\u00ada Rosa de Madariaga<br \/>\n<strong>Edici\u00f3n:<\/strong> Mariluz Dom\u00ed\u00adnguez<\/p>\n<div style=\"padding: 80% 0 0 0; position: relative;\"><iframe style=\"position: absolute; top: 0; left: 0; width: 100%; height: 100%;\" src=\"https:\/\/player.vimeo.com\/video\/14653500\" frameborder=\"0\" allowfullscreen=\"allowfullscreen\"><\/iframe><\/div>\n<p><script src=\"https:\/\/player.vimeo.com\/api\/player.js\"><\/script><\/p>\n<p><strong>Synopsis:<\/strong> El colonialismo espa\u00f1ol en Marruecos fue determinante en la historia de Espa\u00f1a. Tras el desastre del 98 la monarqu\u00ed\u00ada y los militares se empe\u00f1aron en controlar este territorio a pesar de la enorme oposici\u00f3n popular. El Barranco del Lobo, la Semana Tr\u00e1gica, Annual&#8230; El conflicto cost\u00f3 decenas de miles de vidas y ayud\u00f3 a polarizar a la sociedad espa\u00f1ola. La Guerra Civil Espa\u00f1ola fue, en parte, consecuencia de este conflicto. Los marroqu\u00ed\u00ades, eternos enemigos, se convirtieron en firmes aliados del bando franquista.<br \/>\n<strong>Con la colaboraci\u00f3n de:<\/strong><\/p>\n<p>Junta de Andaluc\u00ed\u00ada \u2013 Consejer\u00ed\u00ada de Cultura<\/p>\n<p><strong>History<\/strong><\/p>\n<p>Broadcast rights acquired by Canal Sur and Televisi\u00f3n Espa\u00f1ola (TVE) LA NOCHE TEM\u00c1TICA. Emisi\u00f3n Marzo 2009.<\/p>\n<p>Marbella International Film Festival 2008<\/p>\n<p>Pamplona Film Festival 2008<\/p>\n<p>Memorimages Film Festival 2008.<\/p>\n<p>Derechos de distribuci\u00f3n internacional adquiridos por ICARUS FILM. Brooklin. NY. Estados Unidos.Documentary<br \/>\nHD CAM. 97\u2032. OCTOBER 2007<\/p>\n<p><strong>Directed by:<\/strong> Julio S\u00e1nchez Veiga<br \/>\n<strong>Cinematography:<\/strong> Mariano Agudo<br \/>\n<strong>Producer:<\/strong> Natalia de Ancos<br \/>\n<strong>Sound:<\/strong> Daniel de Zayas<br \/>\n<strong>Graphic Design:<\/strong> Joaqu\u00ed\u00adn Le\u00f3n, Mar\u00ed\u00ada Rodr\u00ed\u00adguez<br \/>\n<strong>Historical adviser:<\/strong> Mar\u00ed\u00ada Rosa de Madariaga<br \/>\n<strong>Editor:<\/strong> Mariluz Dom\u00ed\u00adnguez<\/p>\n<div style=\"padding: 80% 0 0 0; position: relative;\"><iframe style=\"position: absolute; top: 0; left: 0; width: 100%; height: 100%;\" src=\"https:\/\/player.vimeo.com\/video\/14653500\" frameborder=\"0\" allowfullscreen=\"allowfullscreen\"><\/iframe><\/div>\n<p><script src=\"https:\/\/player.vimeo.com\/api\/player.js\"><\/script><\/p>\n<p><strong>Synopsis:<\/strong> The Spanish colonialism in Morocco was decisive in the history of Spain. After the \u201cdisaster of 1898\u201d the monarchy and the military were determined to control this territory despite the massive popular opposition. EL Barranco del Lobo, la Semana Tr\u00e1gica, Annual\u2026 The conflict cost tens of thousands of lives and polarized Spanish society. Spanish Civil War was in some part result of this conflict. Moroccans, eternal enemies, became strong allies of Franco side.<\/p>\n<p><strong>In collaboration with:<\/strong><\/p>\n<p>Junta de Andaluc\u00ed\u00ada \u2013 Consejer\u00ed\u00ada de Cultura<\/p>\n<p><strong>Achievements<\/strong><\/p>\n<p>Broadcast rights acquired by Canal Sur and Televisi\u00f3n Espa\u00f1ola (TVE) LA NOCHE TEM\u00c1TICA. Emisi\u00f3n Marzo 2009.<\/p>\n<p>Marbella International Film Festival 2008<\/p>\n<p>Pamplona Film Festival 2008<\/p>\n<p>Memorimages Film Festival 2008.<\/p>\n<p>International distribution right acquired by ICARUS FILM. Brooklin. NY. USA.<\/p>","protected":false},"excerpt":{"rendered":"<p>Documental HD CAM. 97\u2032. OCTUBRE 2007 Direcci\u00f3n y Gui\u00f3n: Julio S\u00e1nchez Veiga Direcci\u00f3n de Fotograf\u00ed\u00ada: Mariano Agudo Jefa de Producci\u00f3n: Natalia de Ancos Sonido: Daniel de Zayas Dise\u00f1o Gr\u00e1fico: Joaqu\u00ed\u00adn Le\u00f3n, Mar\u00ed\u00ada Rodr\u00ed\u00adguez Asesoramiento Hist\u00f3rico: Mar\u00ed\u00ada Rosa de Madariaga Edici\u00f3n: Mariluz Dom\u00ed\u00adnguez Sinopsis: El colonialismo espa\u00f1ol en Marruecos fue determinante en la historia de Espa\u00f1a. [&hellip;]<\/p>","protected":false},"featured_media":2524,"template":"","meta":{"_acf_changed":false},"product_brand":[],"product_cat":[422],"product_tag":[493,2503,2504],"class_list":{"0":"post-2523","1":"product","2":"type-product","3":"status-publish","4":"has-post-thumbnail","6":"product_cat-productos","7":"product_tag-documental","8":"product_tag-el-laberinto-marroqui","9":"product_tag-marruecos","11":"first","12":"instock","13":"taxable","14":"shipping-taxable","15":"purchasable","16":"product-type-simple"},"acf":[],"yoast_head":"<!-- This site is optimized with the Yoast SEO plugin v25.3.1 - https:\/\/yoast.com\/wordpress\/plugins\/seo\/ -->\n<title>El Laberinto Marroqu\u00ed\u00ad - Intermedia Producciones<\/title>\n<meta name=\"robots\" content=\"index, follow, max-snippet:-1, max-image-preview:large, max-video-preview:-1\" \/>\n<link rel=\"canonical\" href=\"https:\/\/intermediaproducciones.com\/en\/product\/el-laberinto-marroqui\/\" \/>\n<meta property=\"og:locale\" content=\"en_GB\" \/>\n<meta property=\"og:type\" content=\"article\" \/>\n<meta property=\"og:title\" content=\"El Laberinto Marroqu\u00ed\u00ad - Intermedia Producciones\" \/>\n<meta property=\"og:description\" content=\"Documental HD CAM. 97\u2032. OCTUBRE 2007 Direcci\u00f3n y Gui\u00f3n: Julio S\u00e1nchez Veiga Direcci\u00f3n de Fotograf\u00ed\u00ada: Mariano Agudo Jefa de Producci\u00f3n: Natalia de Ancos Sonido: Daniel de Zayas Dise\u00f1o Gr\u00e1fico: Joaqu\u00ed\u00adn Le\u00f3n, Mar\u00ed\u00ada Rodr\u00ed\u00adguez Asesoramiento Hist\u00f3rico: Mar\u00ed\u00ada Rosa de Madariaga Edici\u00f3n: Mariluz Dom\u00ed\u00adnguez Sinopsis: El colonialismo espa\u00f1ol en Marruecos fue determinante en la historia de Espa\u00f1a. [&hellip;]\" \/>\n<meta property=\"og:url\" content=\"https:\/\/intermediaproducciones.com\/en\/product\/el-laberinto-marroqui\/\" \/>\n<meta property=\"og:site_name\" content=\"Intermedia Producciones\" \/>\n<meta property=\"article:publisher\" content=\"https:\/\/www.facebook.com\/ProductoraIntermediaProducciones\" \/>\n<meta property=\"article:modified_time\" content=\"2022-02-10T11:37:52+00:00\" \/>\n<meta property=\"og:image\" content=\"https:\/\/intermediaproducciones.com\/wp-content\/uploads\/2018\/08\/laberinto_high.png\" \/>\n\t<meta property=\"og:image:width\" content=\"1000\" \/>\n\t<meta property=\"og:image:height\" content=\"1414\" \/>\n\t<meta property=\"og:image:type\" content=\"image\/png\" \/>\n<meta name=\"twitter:card\" content=\"summary_large_image\" \/>\n<meta name=\"twitter:label1\" content=\"Estimated reading time\" \/>\n\t<meta name=\"twitter:data1\" content=\"2 minutes\" \/>\n<script type=\"application\/ld+json\" class=\"yoast-schema-graph\">{\"@context\":\"https:\/\/schema.org\",\"@graph\":[{\"@type\":\"WebPage\",\"@id\":\"https:\/\/intermediaproducciones.com\/en\/product\/el-laberinto-marroqui\/\",\"url\":\"https:\/\/intermediaproducciones.com\/en\/product\/el-laberinto-marroqui\/\",\"name\":\"El Laberinto Marroqu\u00ed\u00ad - Intermedia Producciones\",\"isPartOf\":{\"@id\":\"https:\/\/intermediaproducciones.com\/#website\"},\"primaryImageOfPage\":{\"@id\":\"https:\/\/intermediaproducciones.com\/en\/product\/el-laberinto-marroqui\/#primaryimage\"},\"image\":{\"@id\":\"https:\/\/intermediaproducciones.com\/en\/product\/el-laberinto-marroqui\/#primaryimage\"},\"thumbnailUrl\":\"https:\/\/intermediaproducciones.com\/wp-content\/uploads\/2018\/08\/laberinto_high.png\",\"datePublished\":\"2018-08-22T16:51:29+00:00\",\"dateModified\":\"2022-02-10T11:37:52+00:00\",\"breadcrumb\":{\"@id\":\"https:\/\/intermediaproducciones.com\/en\/product\/el-laberinto-marroqui\/#breadcrumb\"},\"inLanguage\":\"en-GB\",\"potentialAction\":[{\"@type\":\"ReadAction\",\"target\":[\"https:\/\/intermediaproducciones.com\/en\/product\/el-laberinto-marroqui\/\"]}]},{\"@type\":\"ImageObject\",\"inLanguage\":\"en-GB\",\"@id\":\"https:\/\/intermediaproducciones.com\/en\/product\/el-laberinto-marroqui\/#primaryimage\",\"url\":\"https:\/\/intermediaproducciones.com\/wp-content\/uploads\/2018\/08\/laberinto_high.png\",\"contentUrl\":\"https:\/\/intermediaproducciones.com\/wp-content\/uploads\/2018\/08\/laberinto_high.png\",\"width\":1000,\"height\":1414},{\"@type\":\"BreadcrumbList\",\"@id\":\"https:\/\/intermediaproducciones.com\/en\/product\/el-laberinto-marroqui\/#breadcrumb\",\"itemListElement\":[{\"@type\":\"ListItem\",\"position\":1,\"name\":\"Portada\",\"item\":\"https:\/\/intermediaproducciones.com\/\"},{\"@type\":\"ListItem\",\"position\":2,\"name\":\"Tienda\",\"item\":\"https:\/\/intermediaproducciones.com\/en\/tienda\/\"},{\"@type\":\"ListItem\",\"position\":3,\"name\":\"El Laberinto Marroqu\u00ed\u00ad\"}]},{\"@type\":\"WebSite\",\"@id\":\"https:\/\/intermediaproducciones.com\/#website\",\"url\":\"https:\/\/intermediaproducciones.com\/\",\"name\":\"Intermedia Producciones\",\"description\":\"Miradas, Visiones y Realidades\",\"publisher\":{\"@id\":\"https:\/\/intermediaproducciones.com\/#organization\"},\"potentialAction\":[{\"@type\":\"SearchAction\",\"target\":{\"@type\":\"EntryPoint\",\"urlTemplate\":\"https:\/\/intermediaproducciones.com\/?s={search_term_string}\"},\"query-input\":{\"@type\":\"PropertyValueSpecification\",\"valueRequired\":true,\"valueName\":\"search_term_string\"}}],\"inLanguage\":\"en-GB\"},{\"@type\":\"Organization\",\"@id\":\"https:\/\/intermediaproducciones.com\/#organization\",\"name\":\"Intermedia Producciones\",\"url\":\"https:\/\/intermediaproducciones.com\/\",\"logo\":{\"@type\":\"ImageObject\",\"inLanguage\":\"en-GB\",\"@id\":\"https:\/\/intermediaproducciones.com\/#\/schema\/logo\/image\/\",\"url\":\"https:\/\/intermediaproducciones.com\/wp-content\/uploads\/2019\/02\/logo_intermedia.png\",\"contentUrl\":\"https:\/\/intermediaproducciones.com\/wp-content\/uploads\/2019\/02\/logo_intermedia.png\",\"width\":199,\"height\":216,\"caption\":\"Intermedia Producciones\"},\"image\":{\"@id\":\"https:\/\/intermediaproducciones.com\/#\/schema\/logo\/image\/\"},\"sameAs\":[\"https:\/\/www.facebook.com\/ProductoraIntermediaProducciones\",\"https:\/\/vimeo.com\/intermedia\",\"https:\/\/www.youtube.com\/user\/IntermediaProd\",\"https:\/\/www.instagram.com\/intermediaproducciones\/\",\"https:\/\/www.linkedin.com\/company\/intermedia-producciones\/\"]}]}<\/script>\n<!-- \/ Yoast SEO plugin. -->","yoast_head_json":{"title":"El Laberinto Marroqu\u00ed\u00ad - Intermedia Producciones","robots":{"index":"index","follow":"follow","max-snippet":"max-snippet:-1","max-image-preview":"max-image-preview:large","max-video-preview":"max-video-preview:-1"},"canonical":"https:\/\/intermediaproducciones.com\/en\/product\/el-laberinto-marroqui\/","og_locale":"en_GB","og_type":"article","og_title":"El Laberinto Marroqu\u00ed\u00ad - Intermedia Producciones","og_description":"Documental HD CAM. 97\u2032. OCTUBRE 2007 Direcci\u00f3n y Gui\u00f3n: Julio S\u00e1nchez Veiga Direcci\u00f3n de Fotograf\u00ed\u00ada: Mariano Agudo Jefa de Producci\u00f3n: Natalia de Ancos Sonido: Daniel de Zayas Dise\u00f1o Gr\u00e1fico: Joaqu\u00ed\u00adn Le\u00f3n, Mar\u00ed\u00ada Rodr\u00ed\u00adguez Asesoramiento Hist\u00f3rico: Mar\u00ed\u00ada Rosa de Madariaga Edici\u00f3n: Mariluz Dom\u00ed\u00adnguez Sinopsis: El colonialismo espa\u00f1ol en Marruecos fue determinante en la historia de Espa\u00f1a. [&hellip;]","og_url":"https:\/\/intermediaproducciones.com\/en\/product\/el-laberinto-marroqui\/","og_site_name":"Intermedia Producciones","article_publisher":"https:\/\/www.facebook.com\/ProductoraIntermediaProducciones","article_modified_time":"2022-02-10T11:37:52+00:00","og_image":[{"width":1000,"height":1414,"url":"https:\/\/intermediaproducciones.com\/wp-content\/uploads\/2018\/08\/laberinto_high.png","type":"image\/png"}],"twitter_card":"summary_large_image","twitter_misc":{"Estimated reading time":"2 minutes"},"schema":{"@context":"https:\/\/schema.org","@graph":[{"@type":"WebPage","@id":"https:\/\/intermediaproducciones.com\/en\/product\/el-laberinto-marroqui\/","url":"https:\/\/intermediaproducciones.com\/en\/product\/el-laberinto-marroqui\/","name":"El Laberinto Marroqu\u00ed\u00ad - Intermedia Producciones","isPartOf":{"@id":"https:\/\/intermediaproducciones.com\/#website"},"primaryImageOfPage":{"@id":"https:\/\/intermediaproducciones.com\/en\/product\/el-laberinto-marroqui\/#primaryimage"},"image":{"@id":"https:\/\/intermediaproducciones.com\/en\/product\/el-laberinto-marroqui\/#primaryimage"},"thumbnailUrl":"https:\/\/intermediaproducciones.com\/wp-content\/uploads\/2018\/08\/laberinto_high.png","datePublished":"2018-08-22T16:51:29+00:00","dateModified":"2022-02-10T11:37:52+00:00","breadcrumb":{"@id":"https:\/\/intermediaproducciones.com\/en\/product\/el-laberinto-marroqui\/#breadcrumb"},"inLanguage":"en-GB","potentialAction":[{"@type":"ReadAction","target":["https:\/\/intermediaproducciones.com\/en\/product\/el-laberinto-marroqui\/"]}]},{"@type":"ImageObject","inLanguage":"en-GB","@id":"https:\/\/intermediaproducciones.com\/en\/product\/el-laberinto-marroqui\/#primaryimage","url":"https:\/\/intermediaproducciones.com\/wp-content\/uploads\/2018\/08\/laberinto_high.png","contentUrl":"https:\/\/intermediaproducciones.com\/wp-content\/uploads\/2018\/08\/laberinto_high.png","width":1000,"height":1414},{"@type":"BreadcrumbList","@id":"https:\/\/intermediaproducciones.com\/en\/product\/el-laberinto-marroqui\/#breadcrumb","itemListElement":[{"@type":"ListItem","position":1,"name":"Portada","item":"https:\/\/intermediaproducciones.com\/"},{"@type":"ListItem","position":2,"name":"Tienda","item":"https:\/\/intermediaproducciones.com\/en\/tienda\/"},{"@type":"ListItem","position":3,"name":"El Laberinto Marroqu\u00ed\u00ad"}]},{"@type":"WebSite","@id":"https:\/\/intermediaproducciones.com\/#website","url":"https:\/\/intermediaproducciones.com\/","name":"Intermedia Producciones","description":"Miradas, Visiones y Realidades","publisher":{"@id":"https:\/\/intermediaproducciones.com\/#organization"},"potentialAction":[{"@type":"SearchAction","target":{"@type":"EntryPoint","urlTemplate":"https:\/\/intermediaproducciones.com\/?s={search_term_string}"},"query-input":{"@type":"PropertyValueSpecification","valueRequired":true,"valueName":"search_term_string"}}],"inLanguage":"en-GB"},{"@type":"Organization","@id":"https:\/\/intermediaproducciones.com\/#organization","name":"Intermedia Producciones","url":"https:\/\/intermediaproducciones.com\/","logo":{"@type":"ImageObject","inLanguage":"en-GB","@id":"https:\/\/intermediaproducciones.com\/#\/schema\/logo\/image\/","url":"https:\/\/intermediaproducciones.com\/wp-content\/uploads\/2019\/02\/logo_intermedia.png","contentUrl":"https:\/\/intermediaproducciones.com\/wp-content\/uploads\/2019\/02\/logo_intermedia.png","width":199,"height":216,"caption":"Intermedia Producciones"},"image":{"@id":"https:\/\/intermediaproducciones.com\/#\/schema\/logo\/image\/"},"sameAs":["https:\/\/www.facebook.com\/ProductoraIntermediaProducciones","https:\/\/vimeo.com\/intermedia","https:\/\/www.youtube.com\/user\/IntermediaProd","https:\/\/www.instagram.com\/intermediaproducciones\/","https:\/\/www.linkedin.com\/company\/intermedia-producciones\/"]}]}},"_links":{"self":[{"href":"https:\/\/intermediaproducciones.com\/en\/wp-json\/wp\/v2\/product\/2523","targetHints":{"allow":["GET"]}}],"collection":[{"href":"https:\/\/intermediaproducciones.com\/en\/wp-json\/wp\/v2\/product"}],"about":[{"href":"https:\/\/intermediaproducciones.com\/en\/wp-json\/wp\/v2\/types\/product"}],"wp:featuredmedia":[{"embeddable":true,"href":"https:\/\/intermediaproducciones.com\/en\/wp-json\/wp\/v2\/media\/2524"}],"wp:attachment":[{"href":"https:\/\/intermediaproducciones.com\/en\/wp-json\/wp\/v2\/media?parent=2523"}],"wp:term":[{"taxonomy":"product_brand","embeddable":true,"href":"https:\/\/intermediaproducciones.com\/en\/wp-json\/wp\/v2\/product_brand?post=2523"},{"taxonomy":"product_cat","embeddable":true,"href":"https:\/\/intermediaproducciones.com\/en\/wp-json\/wp\/v2\/product_cat?post=2523"},{"taxonomy":"product_tag","embeddable":true,"href":"https:\/\/intermediaproducciones.com\/en\/wp-json\/wp\/v2\/product_tag?post=2523"}],"curies":[{"name":"wp","href":"https:\/\/api.w.org\/{rel}","templated":true}]}}