{"id":2527,"date":"2018-08-24T07:56:48","date_gmt":"2018-08-24T07:56:48","guid":{"rendered":"https:\/\/intermediaproducciones.com\/?post_type=product&#038;p=2527"},"modified":"2022-02-10T11:37:42","modified_gmt":"2022-02-10T11:37:42","slug":"presos-del-silencio","status":"publish","type":"product","link":"https:\/\/intermediaproducciones.com\/en\/product\/presos-del-silencio\/","title":{"rendered":"Prisoners of Silence"},"content":{"rendered":"<p>Documental<br \/>\nBetacam Digital. 60\u2032. JUNIO 2004<\/p>\n<p><strong>Director:<\/strong> Mariano Agudo, Eduardo Montero<br \/>\n<strong>Script:<\/strong> Eduardo Montero<br \/>\n<strong>Direcci\u00f3n de Fotograf\u00ed\u00ada:<\/strong> Mariano Agudo<br \/>\n<strong>Producci\u00f3n Ejecutiva:<\/strong> Julio S\u00e1nchez Veiga<br \/>\n<strong>Montage:<\/strong> Mercedes Cantero<br \/>\n<strong>Music:<\/strong> Enrique de Justo, Javi Vega<\/p>\n<div style=\"padding: 80% 0 0 0; position: relative;\"><iframe style=\"position: absolute; top: 0; left: 0; width: 100%; height: 100%;\" src=\"https:\/\/player.vimeo.com\/video\/14723007\" frameborder=\"0\" allowfullscreen=\"allowfullscreen\"><\/iframe><\/div>\n<p><script src=\"https:\/\/player.vimeo.com\/api\/player.js\"><\/script><\/p>\n<p><strong>Synopsis:<\/strong> Entre 1939 y 1962, miles de presos pol\u00ed\u00adticos participaron en la construcci\u00f3n de los 160 kil\u00f3metros del Canal del Bajo Guadalquivir, conocido popularmente como \u201cEl Canal de los Presos\u201d. A trav\u00e9s del testimonio de las familias y de los propios presos del canal se analizan las circunstancias que rodearon esta colosal obra que forma parte de la historia reciente de nuestra tierra, aportando nuevos datos in\u00e9ditos hasta hoy.<\/p>\n<p>Coproducido por Intermedia Producciones, Canal Sur y LZ Producciones<\/p>\n<p><strong>Con la colaboraci\u00f3n de:<\/strong><\/p>\n<p>Junta de Andaluc\u00ed\u00ada \u2013 Consejer\u00ed\u00ada de Cultura \u2013 Consejer\u00ed\u00ada de Relaciones Institucionales<br \/>\nFundaci\u00f3n El Monte , Caja San Fernando \u2013 Obra Social<\/p>\n<p><strong>Trayectoria:<\/strong><\/p>\n<p>Best Documentary. Sevilla Film Festival. Secci\u00f3n Eurodoc (noviembre 2004)<\/p>\n<p>Human Rights Award in Festival de Nuevo Cine Europeo de Vitoria-Gasteiz (mayo 2005)<\/p>\n<p>28th of February Second Prize. Consejo Asesor de Radio Televisi\u00f3n Espa\u00f1ola en Andaluc\u00ed\u00ada (2006)<\/p>\n<p>Broadcasted by Canal 2 Andaluc\u00ed\u00ada \u2013 Canal Sur, TV3 \u2013 TV Catalunya, Arag\u00f3n Televisi\u00f3n y Telesur (Venezuela-Argentina).<\/p>\n<p>Derechos de emisi\u00f3n por televisi\u00f3n adquiridos por Canal Sur y por Televisi\u00f3n Espa\u00f1ola (TVE) programa LA NOCHE TEM\u00c1TICA. Emisi\u00f3n Marzo 2009.Documentary<br \/>\nBetacam Digital. 60\u2032. JUNE 2004<\/p>\n<p><strong>Directed by:<\/strong> Mariano Agudo, Eduardo Montero<br \/>\n<strong>Script:<\/strong> Eduardo Montero<br \/>\n<strong>Cinematography:<\/strong> Mariano Agudo<br \/>\n<strong>Executive Producer:<\/strong> Julio S\u00e1nchez Veiga<br \/>\n<strong>Editor:<\/strong> Mercedes Cantero<br \/>\n<strong>Music:<\/strong> Enrique de Justo, Javi Vega<\/p>\n<div style=\"padding: 80% 0 0 0; position: relative;\"><iframe style=\"position: absolute; top: 0; left: 0; width: 100%; height: 100%;\" src=\"https:\/\/player.vimeo.com\/video\/14723007\" frameborder=\"0\" allowfullscreen=\"allowfullscreen\"><\/iframe><\/div>\n<p><script src=\"https:\/\/player.vimeo.com\/api\/player.js\"><\/script><\/p>\n<p><strong>Synopsis:<\/strong> Between 1939 and 1962, thousands of political prisoners were involved in the construction of the 160 kilometers of the Bajo Guadalquivir Canal, popularly known as \u201cThe Canal of Prisoners.\u201d Through the testimony of the relatives and of the prisoners themselves, the circumstances surrounding this colossal work that is part of the recent history of our land are analyzed, providing unpublished data about this unknown piece of history.<\/p>\n<p>Coproducers: Intermedia Producciones, Canal Sur, LZ Producciones<\/p>\n<p><strong>In collaboration with:<\/strong><\/p>\n<p>Junta de Andaluc\u00ed\u00ada \u2013 Consejer\u00ed\u00ada de Cultura \u2013 Consejer\u00ed\u00ada de Relaciones Institucionales<br \/>\nFundaci\u00f3n El Monte , Caja San Fernando \u2013 Obra Social<\/p>\n<p><strong>Achievements:<\/strong><\/p>\n<p>Best Documentary. Sevilla Film Festival. Secci\u00f3n Eurodoc (noviembre 2004)<\/p>\n<p>Human Rights Award in Festival de Nuevo Cine Europeo de Vitoria-Gasteiz (mayo 2005)<\/p>\n<p>28th of February Second Prize. Consejo Asesor de Radio Televisi\u00f3n Espa\u00f1ola en Andaluc\u00ed\u00ada (2006)<\/p>\n<p>Broadcasted by Canal 2 Andaluc\u00ed\u00ada \u2013 Canal Sur, TV3 \u2013 TV Catalunya, Arag\u00f3n Televisi\u00f3n y Telesur (Venezuela-Argentina).<\/p>\n<p>TV broadcast rights acquired by Canal Sur y por Televisi\u00f3n Espa\u00f1ola (TVE) programa LA NOCHE TEM\u00c1TICA. Emisi\u00f3n Marzo 2009.<\/p>","protected":false},"excerpt":{"rendered":"<p>Documental Betacam Digital. 60\u2032. JUNIO 2004 Direcci\u00f3n: Mariano Agudo, Eduardo Montero Gui\u00f3n: Eduardo Montero Direcci\u00f3n de Fotograf\u00ed\u00ada: Mariano Agudo Producci\u00f3n Ejecutiva: Julio S\u00e1nchez Veiga Montaje: Mercedes Cantero M\u00fasica: Enrique de Justo, Javi Vega Sinopsis: Entre 1939 y 1962, miles de presos pol\u00ed\u00adticos participaron en la construcci\u00f3n de los 160 kil\u00f3metros del Canal del Bajo Guadalquivir, [&hellip;]<\/p>","protected":false},"featured_media":2528,"template":"","meta":{"_acf_changed":false},"product_brand":[],"product_cat":[422],"product_tag":[493,2508,2507,2509],"class_list":{"0":"post-2527","1":"product","2":"type-product","3":"status-publish","4":"has-post-thumbnail","6":"product_cat-productos","7":"product_tag-documental","8":"product_tag-franquismo","9":"product_tag-presos-del-silencio","10":"product_tag-represion","12":"first","13":"instock","14":"taxable","15":"shipping-taxable","16":"purchasable","17":"product-type-simple"},"acf":[],"yoast_head":"<!-- This site is optimized with the Yoast SEO plugin v25.3.1 - https:\/\/yoast.com\/wordpress\/plugins\/seo\/ -->\n<title>Presos del Silencio - Intermedia Producciones<\/title>\n<meta name=\"robots\" content=\"index, follow, max-snippet:-1, max-image-preview:large, max-video-preview:-1\" \/>\n<link rel=\"canonical\" href=\"https:\/\/intermediaproducciones.com\/en\/product\/presos-del-silencio\/\" \/>\n<meta property=\"og:locale\" content=\"en_GB\" \/>\n<meta property=\"og:type\" content=\"article\" \/>\n<meta property=\"og:title\" content=\"Presos del Silencio - Intermedia Producciones\" \/>\n<meta property=\"og:description\" content=\"Documental Betacam Digital. 60\u2032. JUNIO 2004 Direcci\u00f3n: Mariano Agudo, Eduardo Montero Gui\u00f3n: Eduardo Montero Direcci\u00f3n de Fotograf\u00ed\u00ada: Mariano Agudo Producci\u00f3n Ejecutiva: Julio S\u00e1nchez Veiga Montaje: Mercedes Cantero M\u00fasica: Enrique de Justo, Javi Vega Sinopsis: Entre 1939 y 1962, miles de presos pol\u00ed\u00adticos participaron en la construcci\u00f3n de los 160 kil\u00f3metros del Canal del Bajo Guadalquivir, [&hellip;]\" \/>\n<meta property=\"og:url\" content=\"https:\/\/intermediaproducciones.com\/en\/product\/presos-del-silencio\/\" \/>\n<meta property=\"og:site_name\" content=\"Intermedia Producciones\" \/>\n<meta property=\"article:publisher\" content=\"https:\/\/www.facebook.com\/ProductoraIntermediaProducciones\" \/>\n<meta property=\"article:modified_time\" content=\"2022-02-10T11:37:42+00:00\" \/>\n<meta property=\"og:image\" content=\"https:\/\/intermediaproducciones.com\/wp-content\/uploads\/2018\/08\/presos_silencio.jpg\" \/>\n\t<meta property=\"og:image:width\" content=\"1165\" \/>\n\t<meta property=\"og:image:height\" content=\"1695\" \/>\n\t<meta property=\"og:image:type\" content=\"image\/jpeg\" \/>\n<meta name=\"twitter:card\" content=\"summary_large_image\" \/>\n<meta name=\"twitter:label1\" content=\"Estimated reading time\" \/>\n\t<meta name=\"twitter:data1\" content=\"2 minutes\" \/>\n<script type=\"application\/ld+json\" class=\"yoast-schema-graph\">{\"@context\":\"https:\/\/schema.org\",\"@graph\":[{\"@type\":\"WebPage\",\"@id\":\"https:\/\/intermediaproducciones.com\/en\/product\/presos-del-silencio\/\",\"url\":\"https:\/\/intermediaproducciones.com\/en\/product\/presos-del-silencio\/\",\"name\":\"Presos del Silencio - Intermedia Producciones\",\"isPartOf\":{\"@id\":\"https:\/\/intermediaproducciones.com\/#website\"},\"primaryImageOfPage\":{\"@id\":\"https:\/\/intermediaproducciones.com\/en\/product\/presos-del-silencio\/#primaryimage\"},\"image\":{\"@id\":\"https:\/\/intermediaproducciones.com\/en\/product\/presos-del-silencio\/#primaryimage\"},\"thumbnailUrl\":\"https:\/\/intermediaproducciones.com\/wp-content\/uploads\/2018\/08\/presos_silencio.jpg\",\"datePublished\":\"2018-08-24T07:56:48+00:00\",\"dateModified\":\"2022-02-10T11:37:42+00:00\",\"breadcrumb\":{\"@id\":\"https:\/\/intermediaproducciones.com\/en\/product\/presos-del-silencio\/#breadcrumb\"},\"inLanguage\":\"en-GB\",\"potentialAction\":[{\"@type\":\"ReadAction\",\"target\":[\"https:\/\/intermediaproducciones.com\/en\/product\/presos-del-silencio\/\"]}]},{\"@type\":\"ImageObject\",\"inLanguage\":\"en-GB\",\"@id\":\"https:\/\/intermediaproducciones.com\/en\/product\/presos-del-silencio\/#primaryimage\",\"url\":\"https:\/\/intermediaproducciones.com\/wp-content\/uploads\/2018\/08\/presos_silencio.jpg\",\"contentUrl\":\"https:\/\/intermediaproducciones.com\/wp-content\/uploads\/2018\/08\/presos_silencio.jpg\",\"width\":1165,\"height\":1695},{\"@type\":\"BreadcrumbList\",\"@id\":\"https:\/\/intermediaproducciones.com\/en\/product\/presos-del-silencio\/#breadcrumb\",\"itemListElement\":[{\"@type\":\"ListItem\",\"position\":1,\"name\":\"Portada\",\"item\":\"https:\/\/intermediaproducciones.com\/\"},{\"@type\":\"ListItem\",\"position\":2,\"name\":\"Tienda\",\"item\":\"https:\/\/intermediaproducciones.com\/en\/tienda\/\"},{\"@type\":\"ListItem\",\"position\":3,\"name\":\"Presos del Silencio\"}]},{\"@type\":\"WebSite\",\"@id\":\"https:\/\/intermediaproducciones.com\/#website\",\"url\":\"https:\/\/intermediaproducciones.com\/\",\"name\":\"Intermedia Producciones\",\"description\":\"Miradas, Visiones y Realidades\",\"publisher\":{\"@id\":\"https:\/\/intermediaproducciones.com\/#organization\"},\"potentialAction\":[{\"@type\":\"SearchAction\",\"target\":{\"@type\":\"EntryPoint\",\"urlTemplate\":\"https:\/\/intermediaproducciones.com\/?s={search_term_string}\"},\"query-input\":{\"@type\":\"PropertyValueSpecification\",\"valueRequired\":true,\"valueName\":\"search_term_string\"}}],\"inLanguage\":\"en-GB\"},{\"@type\":\"Organization\",\"@id\":\"https:\/\/intermediaproducciones.com\/#organization\",\"name\":\"Intermedia Producciones\",\"url\":\"https:\/\/intermediaproducciones.com\/\",\"logo\":{\"@type\":\"ImageObject\",\"inLanguage\":\"en-GB\",\"@id\":\"https:\/\/intermediaproducciones.com\/#\/schema\/logo\/image\/\",\"url\":\"https:\/\/intermediaproducciones.com\/wp-content\/uploads\/2019\/02\/logo_intermedia.png\",\"contentUrl\":\"https:\/\/intermediaproducciones.com\/wp-content\/uploads\/2019\/02\/logo_intermedia.png\",\"width\":199,\"height\":216,\"caption\":\"Intermedia Producciones\"},\"image\":{\"@id\":\"https:\/\/intermediaproducciones.com\/#\/schema\/logo\/image\/\"},\"sameAs\":[\"https:\/\/www.facebook.com\/ProductoraIntermediaProducciones\",\"https:\/\/vimeo.com\/intermedia\",\"https:\/\/www.youtube.com\/user\/IntermediaProd\",\"https:\/\/www.instagram.com\/intermediaproducciones\/\",\"https:\/\/www.linkedin.com\/company\/intermedia-producciones\/\"]}]}<\/script>\n<!-- \/ Yoast SEO plugin. -->","yoast_head_json":{"title":"Presos del Silencio - Intermedia Producciones","robots":{"index":"index","follow":"follow","max-snippet":"max-snippet:-1","max-image-preview":"max-image-preview:large","max-video-preview":"max-video-preview:-1"},"canonical":"https:\/\/intermediaproducciones.com\/en\/product\/presos-del-silencio\/","og_locale":"en_GB","og_type":"article","og_title":"Presos del Silencio - Intermedia Producciones","og_description":"Documental Betacam Digital. 60\u2032. JUNIO 2004 Direcci\u00f3n: Mariano Agudo, Eduardo Montero Gui\u00f3n: Eduardo Montero Direcci\u00f3n de Fotograf\u00ed\u00ada: Mariano Agudo Producci\u00f3n Ejecutiva: Julio S\u00e1nchez Veiga Montaje: Mercedes Cantero M\u00fasica: Enrique de Justo, Javi Vega Sinopsis: Entre 1939 y 1962, miles de presos pol\u00ed\u00adticos participaron en la construcci\u00f3n de los 160 kil\u00f3metros del Canal del Bajo Guadalquivir, [&hellip;]","og_url":"https:\/\/intermediaproducciones.com\/en\/product\/presos-del-silencio\/","og_site_name":"Intermedia Producciones","article_publisher":"https:\/\/www.facebook.com\/ProductoraIntermediaProducciones","article_modified_time":"2022-02-10T11:37:42+00:00","og_image":[{"width":1165,"height":1695,"url":"https:\/\/intermediaproducciones.com\/wp-content\/uploads\/2018\/08\/presos_silencio.jpg","type":"image\/jpeg"}],"twitter_card":"summary_large_image","twitter_misc":{"Estimated reading time":"2 minutes"},"schema":{"@context":"https:\/\/schema.org","@graph":[{"@type":"WebPage","@id":"https:\/\/intermediaproducciones.com\/en\/product\/presos-del-silencio\/","url":"https:\/\/intermediaproducciones.com\/en\/product\/presos-del-silencio\/","name":"Presos del Silencio - Intermedia Producciones","isPartOf":{"@id":"https:\/\/intermediaproducciones.com\/#website"},"primaryImageOfPage":{"@id":"https:\/\/intermediaproducciones.com\/en\/product\/presos-del-silencio\/#primaryimage"},"image":{"@id":"https:\/\/intermediaproducciones.com\/en\/product\/presos-del-silencio\/#primaryimage"},"thumbnailUrl":"https:\/\/intermediaproducciones.com\/wp-content\/uploads\/2018\/08\/presos_silencio.jpg","datePublished":"2018-08-24T07:56:48+00:00","dateModified":"2022-02-10T11:37:42+00:00","breadcrumb":{"@id":"https:\/\/intermediaproducciones.com\/en\/product\/presos-del-silencio\/#breadcrumb"},"inLanguage":"en-GB","potentialAction":[{"@type":"ReadAction","target":["https:\/\/intermediaproducciones.com\/en\/product\/presos-del-silencio\/"]}]},{"@type":"ImageObject","inLanguage":"en-GB","@id":"https:\/\/intermediaproducciones.com\/en\/product\/presos-del-silencio\/#primaryimage","url":"https:\/\/intermediaproducciones.com\/wp-content\/uploads\/2018\/08\/presos_silencio.jpg","contentUrl":"https:\/\/intermediaproducciones.com\/wp-content\/uploads\/2018\/08\/presos_silencio.jpg","width":1165,"height":1695},{"@type":"BreadcrumbList","@id":"https:\/\/intermediaproducciones.com\/en\/product\/presos-del-silencio\/#breadcrumb","itemListElement":[{"@type":"ListItem","position":1,"name":"Portada","item":"https:\/\/intermediaproducciones.com\/"},{"@type":"ListItem","position":2,"name":"Tienda","item":"https:\/\/intermediaproducciones.com\/en\/tienda\/"},{"@type":"ListItem","position":3,"name":"Presos del Silencio"}]},{"@type":"WebSite","@id":"https:\/\/intermediaproducciones.com\/#website","url":"https:\/\/intermediaproducciones.com\/","name":"Intermedia Producciones","description":"Miradas, Visiones y Realidades","publisher":{"@id":"https:\/\/intermediaproducciones.com\/#organization"},"potentialAction":[{"@type":"SearchAction","target":{"@type":"EntryPoint","urlTemplate":"https:\/\/intermediaproducciones.com\/?s={search_term_string}"},"query-input":{"@type":"PropertyValueSpecification","valueRequired":true,"valueName":"search_term_string"}}],"inLanguage":"en-GB"},{"@type":"Organization","@id":"https:\/\/intermediaproducciones.com\/#organization","name":"Intermedia Producciones","url":"https:\/\/intermediaproducciones.com\/","logo":{"@type":"ImageObject","inLanguage":"en-GB","@id":"https:\/\/intermediaproducciones.com\/#\/schema\/logo\/image\/","url":"https:\/\/intermediaproducciones.com\/wp-content\/uploads\/2019\/02\/logo_intermedia.png","contentUrl":"https:\/\/intermediaproducciones.com\/wp-content\/uploads\/2019\/02\/logo_intermedia.png","width":199,"height":216,"caption":"Intermedia Producciones"},"image":{"@id":"https:\/\/intermediaproducciones.com\/#\/schema\/logo\/image\/"},"sameAs":["https:\/\/www.facebook.com\/ProductoraIntermediaProducciones","https:\/\/vimeo.com\/intermedia","https:\/\/www.youtube.com\/user\/IntermediaProd","https:\/\/www.instagram.com\/intermediaproducciones\/","https:\/\/www.linkedin.com\/company\/intermedia-producciones\/"]}]}},"_links":{"self":[{"href":"https:\/\/intermediaproducciones.com\/en\/wp-json\/wp\/v2\/product\/2527","targetHints":{"allow":["GET"]}}],"collection":[{"href":"https:\/\/intermediaproducciones.com\/en\/wp-json\/wp\/v2\/product"}],"about":[{"href":"https:\/\/intermediaproducciones.com\/en\/wp-json\/wp\/v2\/types\/product"}],"wp:featuredmedia":[{"embeddable":true,"href":"https:\/\/intermediaproducciones.com\/en\/wp-json\/wp\/v2\/media\/2528"}],"wp:attachment":[{"href":"https:\/\/intermediaproducciones.com\/en\/wp-json\/wp\/v2\/media?parent=2527"}],"wp:term":[{"taxonomy":"product_brand","embeddable":true,"href":"https:\/\/intermediaproducciones.com\/en\/wp-json\/wp\/v2\/product_brand?post=2527"},{"taxonomy":"product_cat","embeddable":true,"href":"https:\/\/intermediaproducciones.com\/en\/wp-json\/wp\/v2\/product_cat?post=2527"},{"taxonomy":"product_tag","embeddable":true,"href":"https:\/\/intermediaproducciones.com\/en\/wp-json\/wp\/v2\/product_tag?post=2527"}],"curies":[{"name":"wp","href":"https:\/\/api.w.org\/{rel}","templated":true}]}}