{"id":2531,"date":"2018-08-24T08:05:27","date_gmt":"2018-08-24T08:05:27","guid":{"rendered":"https:\/\/intermediaproducciones.com\/?post_type=product&#038;p=2531"},"modified":"2022-02-10T11:37:34","modified_gmt":"2022-02-10T11:37:34","slug":"la-defensa-del-algodon","status":"publish","type":"product","link":"https:\/\/intermediaproducciones.com\/en\/product\/la-defensa-del-algodon\/","title":{"rendered":"The Defense of Cotton"},"content":{"rendered":"<p>Documental<br \/>\nBetacam SP. 88\u2032. 2002<\/p>\n<p><strong>Realizaci\u00f3n y Gui\u00f3n:<\/strong> Julio S\u00e1nchez Veiga<br \/>\n<strong>Ayudantes de Realizaci\u00f3n:<\/strong> Mar\u00ed\u00ada Rodr\u00ed\u00adguez, Mariano Agudo<br \/>\n<strong>Sound:<\/strong> Agust\u00edn Toranzo<br \/>\n<strong>Producci\u00f3n:<\/strong> Miguel Paredes<br \/>\n<strong>Montage:<\/strong> Mercedes Cantero<\/p>\n<p><strong>Synopsis:<\/strong><\/p>\n<p>Durante varias semanas en febrero de 2002, los productores de algod\u00f3n de Andaluc\u00ed\u00ada mantuvieron un pulso con el Ministerio de Agricultura, que pretend\u00eda regular el sector liberalizando la siembra de este cultivo. M\u00e1s de 2000 tractores y cosechadoras venidos de todas las zonas productoras invadieron Sevilla. Esta es la cr\u00f3nica de la lucha por la defensa de un cultivo y de un modelo productivo que ha sabido convertir el algod\u00f3n en el sustento de miles de familias del medio rural andaluz.<\/p>\n<p>Distribuido en video por COAG.Documentary<br \/>\nBetacam SP. 88\u2032. 2002<\/p>\n<p><strong>Director and Script:<\/strong> Julio S\u00e1nchez Veiga<br \/>\n<strong>Director\u2018s Assistant:<\/strong> Mar\u00ed\u00ada Rodr\u00ed\u00adguez, Mariano Agudo<br \/>\n<strong>Sound:<\/strong> Agust\u00edn Toranzo<br \/>\n<strong>Producer:<\/strong> Miguel Paredes<br \/>\n<strong>Editor:<\/strong> Mercedes Cantero<\/p>\n<p><strong>Synopsis:<\/strong><\/p>\n<p>For several weeks in February 2002, cotton producers in Andalusia maintained a pulse with the Ministry of Agriculture, which sought to regulate the sector through liberalizing the planting of this crop. More than 2,000 tractors and combine harvesters coming from all producing areas filled up Sevilla. This is the chronicle of the struggle for the defense of a crop and a production model that has managed to turn cotton into the livelihood of thousands of families in the Andalusian countryside.<\/p>\n<p>Distributed by COAG.<\/p>","protected":false},"excerpt":{"rendered":"<p>Documental Betacam SP. 88\u2032. 2002 Realizaci\u00f3n y Gui\u00f3n: Julio S\u00e1nchez Veiga Ayudantes de Realizaci\u00f3n: Mar\u00ed\u00ada Rodr\u00ed\u00adguez, Mariano Agudo Sonido: Agust\u00edn Toranzo Producci\u00f3n: Miguel Paredes Montaje: Mercedes Cantero Sinopsis: Durante varias semanas en febrero de 2002, los productores de algod\u00f3n de Andaluc\u00ed\u00ada mantuvieron un pulso con el Ministerio de Agricultura, que pretend\u00eda regular el sector liberalizando [&hellip;]<\/p>","protected":false},"featured_media":2550,"template":"","meta":{"_acf_changed":false},"product_brand":[],"product_cat":[422],"product_tag":[493,2515,2516,2517,2518],"class_list":{"0":"post-2531","1":"product","2":"type-product","3":"status-publish","4":"has-post-thumbnail","6":"product_cat-productos","7":"product_tag-documental","8":"product_tag-la-defensa-del-algodon","9":"product_tag-liberalizacion","10":"product_tag-lucha","11":"product_tag-resistencia","13":"first","14":"instock","15":"taxable","16":"shipping-taxable","17":"purchasable","18":"product-type-simple"},"acf":[],"yoast_head":"<!-- This site is optimized with the Yoast SEO plugin v25.3.1 - https:\/\/yoast.com\/wordpress\/plugins\/seo\/ -->\n<title>La Defensa del Algod\u00f3n - Intermedia Producciones<\/title>\n<meta name=\"robots\" content=\"index, follow, max-snippet:-1, max-image-preview:large, max-video-preview:-1\" \/>\n<link rel=\"canonical\" href=\"https:\/\/intermediaproducciones.com\/en\/product\/la-defensa-del-algodon\/\" \/>\n<meta property=\"og:locale\" content=\"en_GB\" \/>\n<meta property=\"og:type\" content=\"article\" \/>\n<meta property=\"og:title\" content=\"La Defensa del Algod\u00f3n - Intermedia Producciones\" \/>\n<meta property=\"og:description\" content=\"Documental Betacam SP. 88\u2032. 2002 Realizaci\u00f3n y Gui\u00f3n: Julio S\u00e1nchez Veiga Ayudantes de Realizaci\u00f3n: Mar\u00ed\u00ada Rodr\u00ed\u00adguez, Mariano Agudo Sonido: Agust\u00edn Toranzo Producci\u00f3n: Miguel Paredes Montaje: Mercedes Cantero Sinopsis: Durante varias semanas en febrero de 2002, los productores de algod\u00f3n de Andaluc\u00ed\u00ada mantuvieron un pulso con el Ministerio de Agricultura, que pretend\u00eda regular el sector liberalizando [&hellip;]\" \/>\n<meta property=\"og:url\" content=\"https:\/\/intermediaproducciones.com\/en\/product\/la-defensa-del-algodon\/\" \/>\n<meta property=\"og:site_name\" content=\"Intermedia Producciones\" \/>\n<meta property=\"article:publisher\" content=\"https:\/\/www.facebook.com\/ProductoraIntermediaProducciones\" \/>\n<meta property=\"article:modified_time\" content=\"2022-02-10T11:37:34+00:00\" \/>\n<meta property=\"og:image\" content=\"https:\/\/intermediaproducciones.com\/wp-content\/uploads\/2018\/08\/cartel_algodon.jpg\" \/>\n\t<meta property=\"og:image:width\" content=\"1440\" \/>\n\t<meta property=\"og:image:height\" content=\"2315\" \/>\n\t<meta property=\"og:image:type\" content=\"image\/jpeg\" \/>\n<meta name=\"twitter:card\" content=\"summary_large_image\" \/>\n<meta name=\"twitter:label1\" content=\"Estimated reading time\" \/>\n\t<meta name=\"twitter:data1\" content=\"1 minute\" \/>\n<script type=\"application\/ld+json\" class=\"yoast-schema-graph\">{\"@context\":\"https:\/\/schema.org\",\"@graph\":[{\"@type\":\"WebPage\",\"@id\":\"https:\/\/intermediaproducciones.com\/producto\/la-defensa-del-algodon\/\",\"url\":\"https:\/\/intermediaproducciones.com\/producto\/la-defensa-del-algodon\/\",\"name\":\"La Defensa del Algod\u00f3n - Intermedia Producciones\",\"isPartOf\":{\"@id\":\"https:\/\/intermediaproducciones.com\/#website\"},\"primaryImageOfPage\":{\"@id\":\"https:\/\/intermediaproducciones.com\/producto\/la-defensa-del-algodon\/#primaryimage\"},\"image\":{\"@id\":\"https:\/\/intermediaproducciones.com\/producto\/la-defensa-del-algodon\/#primaryimage\"},\"thumbnailUrl\":\"https:\/\/intermediaproducciones.com\/wp-content\/uploads\/2018\/08\/cartel_algodon.jpg\",\"datePublished\":\"2018-08-24T08:05:27+00:00\",\"dateModified\":\"2022-02-10T11:37:34+00:00\",\"breadcrumb\":{\"@id\":\"https:\/\/intermediaproducciones.com\/producto\/la-defensa-del-algodon\/#breadcrumb\"},\"inLanguage\":\"en-GB\",\"potentialAction\":[{\"@type\":\"ReadAction\",\"target\":[\"https:\/\/intermediaproducciones.com\/producto\/la-defensa-del-algodon\/\"]}]},{\"@type\":\"ImageObject\",\"inLanguage\":\"en-GB\",\"@id\":\"https:\/\/intermediaproducciones.com\/producto\/la-defensa-del-algodon\/#primaryimage\",\"url\":\"https:\/\/intermediaproducciones.com\/wp-content\/uploads\/2018\/08\/cartel_algodon.jpg\",\"contentUrl\":\"https:\/\/intermediaproducciones.com\/wp-content\/uploads\/2018\/08\/cartel_algodon.jpg\",\"width\":1440,\"height\":2315},{\"@type\":\"BreadcrumbList\",\"@id\":\"https:\/\/intermediaproducciones.com\/producto\/la-defensa-del-algodon\/#breadcrumb\",\"itemListElement\":[{\"@type\":\"ListItem\",\"position\":1,\"name\":\"Portada\",\"item\":\"https:\/\/intermediaproducciones.com\/\"},{\"@type\":\"ListItem\",\"position\":2,\"name\":\"Tienda\",\"item\":\"https:\/\/intermediaproducciones.com\/en\/tienda\/\"},{\"@type\":\"ListItem\",\"position\":3,\"name\":\"La Defensa del Algod\u00f3n\"}]},{\"@type\":\"WebSite\",\"@id\":\"https:\/\/intermediaproducciones.com\/#website\",\"url\":\"https:\/\/intermediaproducciones.com\/\",\"name\":\"Intermedia Producciones\",\"description\":\"Miradas, Visiones y Realidades\",\"publisher\":{\"@id\":\"https:\/\/intermediaproducciones.com\/#organization\"},\"potentialAction\":[{\"@type\":\"SearchAction\",\"target\":{\"@type\":\"EntryPoint\",\"urlTemplate\":\"https:\/\/intermediaproducciones.com\/?s={search_term_string}\"},\"query-input\":{\"@type\":\"PropertyValueSpecification\",\"valueRequired\":true,\"valueName\":\"search_term_string\"}}],\"inLanguage\":\"en-GB\"},{\"@type\":\"Organization\",\"@id\":\"https:\/\/intermediaproducciones.com\/#organization\",\"name\":\"Intermedia Producciones\",\"url\":\"https:\/\/intermediaproducciones.com\/\",\"logo\":{\"@type\":\"ImageObject\",\"inLanguage\":\"en-GB\",\"@id\":\"https:\/\/intermediaproducciones.com\/#\/schema\/logo\/image\/\",\"url\":\"https:\/\/intermediaproducciones.com\/wp-content\/uploads\/2019\/02\/logo_intermedia.png\",\"contentUrl\":\"https:\/\/intermediaproducciones.com\/wp-content\/uploads\/2019\/02\/logo_intermedia.png\",\"width\":199,\"height\":216,\"caption\":\"Intermedia Producciones\"},\"image\":{\"@id\":\"https:\/\/intermediaproducciones.com\/#\/schema\/logo\/image\/\"},\"sameAs\":[\"https:\/\/www.facebook.com\/ProductoraIntermediaProducciones\",\"https:\/\/vimeo.com\/intermedia\",\"https:\/\/www.youtube.com\/user\/IntermediaProd\",\"https:\/\/www.instagram.com\/intermediaproducciones\/\",\"https:\/\/www.linkedin.com\/company\/intermedia-producciones\/\"]}]}<\/script>\n<!-- \/ Yoast SEO plugin. -->","yoast_head_json":{"title":"La Defensa del Algod\u00f3n - Intermedia Producciones","robots":{"index":"index","follow":"follow","max-snippet":"max-snippet:-1","max-image-preview":"max-image-preview:large","max-video-preview":"max-video-preview:-1"},"canonical":"https:\/\/intermediaproducciones.com\/en\/product\/la-defensa-del-algodon\/","og_locale":"en_GB","og_type":"article","og_title":"La Defensa del Algod\u00f3n - Intermedia Producciones","og_description":"Documental Betacam SP. 88\u2032. 2002 Realizaci\u00f3n y Gui\u00f3n: Julio S\u00e1nchez Veiga Ayudantes de Realizaci\u00f3n: Mar\u00ed\u00ada Rodr\u00ed\u00adguez, Mariano Agudo Sonido: Agust\u00edn Toranzo Producci\u00f3n: Miguel Paredes Montaje: Mercedes Cantero Sinopsis: Durante varias semanas en febrero de 2002, los productores de algod\u00f3n de Andaluc\u00ed\u00ada mantuvieron un pulso con el Ministerio de Agricultura, que pretend\u00eda regular el sector liberalizando [&hellip;]","og_url":"https:\/\/intermediaproducciones.com\/en\/product\/la-defensa-del-algodon\/","og_site_name":"Intermedia Producciones","article_publisher":"https:\/\/www.facebook.com\/ProductoraIntermediaProducciones","article_modified_time":"2022-02-10T11:37:34+00:00","og_image":[{"width":1440,"height":2315,"url":"https:\/\/intermediaproducciones.com\/wp-content\/uploads\/2018\/08\/cartel_algodon.jpg","type":"image\/jpeg"}],"twitter_card":"summary_large_image","twitter_misc":{"Estimated reading time":"1 minute"},"schema":{"@context":"https:\/\/schema.org","@graph":[{"@type":"WebPage","@id":"https:\/\/intermediaproducciones.com\/producto\/la-defensa-del-algodon\/","url":"https:\/\/intermediaproducciones.com\/producto\/la-defensa-del-algodon\/","name":"La Defensa del Algod\u00f3n - Intermedia Producciones","isPartOf":{"@id":"https:\/\/intermediaproducciones.com\/#website"},"primaryImageOfPage":{"@id":"https:\/\/intermediaproducciones.com\/producto\/la-defensa-del-algodon\/#primaryimage"},"image":{"@id":"https:\/\/intermediaproducciones.com\/producto\/la-defensa-del-algodon\/#primaryimage"},"thumbnailUrl":"https:\/\/intermediaproducciones.com\/wp-content\/uploads\/2018\/08\/cartel_algodon.jpg","datePublished":"2018-08-24T08:05:27+00:00","dateModified":"2022-02-10T11:37:34+00:00","breadcrumb":{"@id":"https:\/\/intermediaproducciones.com\/producto\/la-defensa-del-algodon\/#breadcrumb"},"inLanguage":"en-GB","potentialAction":[{"@type":"ReadAction","target":["https:\/\/intermediaproducciones.com\/producto\/la-defensa-del-algodon\/"]}]},{"@type":"ImageObject","inLanguage":"en-GB","@id":"https:\/\/intermediaproducciones.com\/producto\/la-defensa-del-algodon\/#primaryimage","url":"https:\/\/intermediaproducciones.com\/wp-content\/uploads\/2018\/08\/cartel_algodon.jpg","contentUrl":"https:\/\/intermediaproducciones.com\/wp-content\/uploads\/2018\/08\/cartel_algodon.jpg","width":1440,"height":2315},{"@type":"BreadcrumbList","@id":"https:\/\/intermediaproducciones.com\/producto\/la-defensa-del-algodon\/#breadcrumb","itemListElement":[{"@type":"ListItem","position":1,"name":"Portada","item":"https:\/\/intermediaproducciones.com\/"},{"@type":"ListItem","position":2,"name":"Tienda","item":"https:\/\/intermediaproducciones.com\/en\/tienda\/"},{"@type":"ListItem","position":3,"name":"La Defensa del Algod\u00f3n"}]},{"@type":"WebSite","@id":"https:\/\/intermediaproducciones.com\/#website","url":"https:\/\/intermediaproducciones.com\/","name":"Intermedia Producciones","description":"Miradas, Visiones y Realidades","publisher":{"@id":"https:\/\/intermediaproducciones.com\/#organization"},"potentialAction":[{"@type":"SearchAction","target":{"@type":"EntryPoint","urlTemplate":"https:\/\/intermediaproducciones.com\/?s={search_term_string}"},"query-input":{"@type":"PropertyValueSpecification","valueRequired":true,"valueName":"search_term_string"}}],"inLanguage":"en-GB"},{"@type":"Organization","@id":"https:\/\/intermediaproducciones.com\/#organization","name":"Intermedia Producciones","url":"https:\/\/intermediaproducciones.com\/","logo":{"@type":"ImageObject","inLanguage":"en-GB","@id":"https:\/\/intermediaproducciones.com\/#\/schema\/logo\/image\/","url":"https:\/\/intermediaproducciones.com\/wp-content\/uploads\/2019\/02\/logo_intermedia.png","contentUrl":"https:\/\/intermediaproducciones.com\/wp-content\/uploads\/2019\/02\/logo_intermedia.png","width":199,"height":216,"caption":"Intermedia Producciones"},"image":{"@id":"https:\/\/intermediaproducciones.com\/#\/schema\/logo\/image\/"},"sameAs":["https:\/\/www.facebook.com\/ProductoraIntermediaProducciones","https:\/\/vimeo.com\/intermedia","https:\/\/www.youtube.com\/user\/IntermediaProd","https:\/\/www.instagram.com\/intermediaproducciones\/","https:\/\/www.linkedin.com\/company\/intermedia-producciones\/"]}]}},"_links":{"self":[{"href":"https:\/\/intermediaproducciones.com\/en\/wp-json\/wp\/v2\/product\/2531","targetHints":{"allow":["GET"]}}],"collection":[{"href":"https:\/\/intermediaproducciones.com\/en\/wp-json\/wp\/v2\/product"}],"about":[{"href":"https:\/\/intermediaproducciones.com\/en\/wp-json\/wp\/v2\/types\/product"}],"wp:featuredmedia":[{"embeddable":true,"href":"https:\/\/intermediaproducciones.com\/en\/wp-json\/wp\/v2\/media\/2550"}],"wp:attachment":[{"href":"https:\/\/intermediaproducciones.com\/en\/wp-json\/wp\/v2\/media?parent=2531"}],"wp:term":[{"taxonomy":"product_brand","embeddable":true,"href":"https:\/\/intermediaproducciones.com\/en\/wp-json\/wp\/v2\/product_brand?post=2531"},{"taxonomy":"product_cat","embeddable":true,"href":"https:\/\/intermediaproducciones.com\/en\/wp-json\/wp\/v2\/product_cat?post=2531"},{"taxonomy":"product_tag","embeddable":true,"href":"https:\/\/intermediaproducciones.com\/en\/wp-json\/wp\/v2\/product_tag?post=2531"}],"curies":[{"name":"wp","href":"https:\/\/api.w.org\/{rel}","templated":true}]}}