{"id":2533,"date":"2018-08-24T08:11:50","date_gmt":"2018-08-24T08:11:50","guid":{"rendered":"https:\/\/intermediaproducciones.com\/?post_type=product&#038;p=2533"},"modified":"2022-02-10T11:37:29","modified_gmt":"2022-02-10T11:37:29","slug":"prohibido-volar-disparan-al-aire","status":"publish","type":"product","link":"https:\/\/intermediaproducciones.com\/en\/product\/prohibido-volar-disparan-al-aire\/","title":{"rendered":"Flying Prohibited (shootings into the air)"},"content":{"rendered":"<p>Documental.<br \/>\nBetacam SP. 33\u2032. 1997<\/p>\n<p><strong>Direcci\u00f3n y Gui\u00f3n:<\/strong> Julio S\u00e1nchez Veiga, Mariano Agudo Blanco<br \/>\n<strong>Producci\u00f3n:<\/strong> Miguel Paredes<br \/>\n<strong>Fotograf\u00ed\u00ada:<\/strong> Mariano Agudo Blanco<br \/>\n<strong>Documentation:<\/strong> Agust\u00ed\u00adn Toranzo<br \/>\n<strong>Montage:<\/strong> Mariano Agudo Blanco<\/p>\n<div style=\"padding: 80% 0 0 0; position: relative;\"><iframe style=\"position: absolute; top: 0; left: 0; width: 100%; height: 100%;\" src=\"https:\/\/player.vimeo.com\/video\/14581405\" frameborder=\"0\" allowfullscreen=\"allowfullscreen\"><\/iframe><\/div>\n<p><script src=\"https:\/\/player.vimeo.com\/api\/player.js\"><\/script><\/p>\n<p><strong>Synopsis:<\/strong><\/p>\n<p>El 19 de abril de 1992, una manifestaci\u00f3n contra la celebraci\u00f3n del quinto centenario fue reprimida por la Policia Nacional de Sevilla, con el balance de tres heridos de bala y un gran n\u00famero de detenidos. Los d\u00ed\u00adas posteriores, la represi\u00f3n se extendio por toda la ciudad hasta alcanzar la cifra de 84 detenidos y un gran n\u00famero de denuncias por malos tratos en comisar\u00ed\u00ada. Este documental revive y analiza los pormenores de una campa\u00f1a represiva auspiciada por el poder pol\u00ed\u00adtico, ejecutada por la Polic\u00ed\u00ada Nacional y avalada por los medios de comunicaci\u00f3n. A\u00f1os despu\u00e9s los manifestantes fueron absueltos y qued\u00f3 demostrada la autor\u00ed\u00ada de los disparos por parte de la polic\u00ed\u00ada. Ning\u00fan polic\u00ed\u00ada fue condenado.Documentary.<br \/>\nBetacam SP. 33\u2032. 1997<\/p>\n<p><strong>Director and Script:<\/strong> Julio S\u00e1nchez Veiga, Mariano Agudo Blanco<br \/>\n<strong>Producer:<\/strong> Miguel Paredes<br \/>\n<strong>Cinematography:<\/strong> Mariano Agudo Blanco<br \/>\n<strong>Research:<\/strong> Agust\u00ed\u00adn Toranzo<br \/>\n<strong>Editor:<\/strong> Mariano Agudo Blanco<\/p>\n<div style=\"padding: 80% 0 0 0; position: relative;\"><iframe style=\"position: absolute; top: 0; left: 0; width: 100%; height: 100%;\" src=\"https:\/\/player.vimeo.com\/video\/14581405\" frameborder=\"0\" allowfullscreen=\"allowfullscreen\"><\/iframe><\/div>\n<p><script src=\"https:\/\/player.vimeo.com\/api\/player.js\"><\/script><\/p>\n<p><strong>Synopsis:<\/strong><\/p>\n<p>The April 19, 1992, a demonstration against the celebration of the Fifth Centenary (of the discovery of America) was repressed by the National Police of Seville, as a result three people got bullet wounds and a large number were detained. Next days, repression spread across the city, there were 84 detainees and a large number of complaints of ill-treatment in police station. This documentary revives and analyzes the details of a repressive campaign sponsored by political power, carried out by the National Police and supported by the media. Years later protesters were acquitted and the authorship of the shooting by the police was proved. Not a single police officer was sentenced.<\/p>","protected":false},"excerpt":{"rendered":"<p>Documental. Betacam SP. 33\u2032. 1997 Direcci\u00f3n y Gui\u00f3n: Julio S\u00e1nchez Veiga, Mariano Agudo Blanco Producci\u00f3n: Miguel Paredes Fotograf\u00ed\u00ada: Mariano Agudo Blanco Documentaci\u00f3n: Agust\u00ed\u00adn Toranzo Montaje: Mariano Agudo Blanco Sinopsis: El 19 de abril de 1992, una manifestaci\u00f3n contra la celebraci\u00f3n del quinto centenario fue reprimida por la Policia Nacional de Sevilla, con el balance de [&hellip;]<\/p>","protected":false},"featured_media":2534,"template":"","meta":{"_acf_changed":false},"product_brand":[],"product_cat":[422],"product_tag":[2520,2521,2517,2519,2509],"class_list":{"0":"post-2533","1":"product","2":"type-product","3":"status-publish","4":"has-post-thumbnail","6":"product_cat-productos","7":"product_tag-disparan-al-aire","8":"product_tag-expo-92","9":"product_tag-lucha","10":"product_tag-prohibido-volar","11":"product_tag-represion","13":"first","14":"instock","15":"taxable","16":"shipping-taxable","17":"purchasable","18":"product-type-simple"},"acf":[],"yoast_head":"<!-- This site is optimized with the Yoast SEO plugin v25.3.1 - https:\/\/yoast.com\/wordpress\/plugins\/seo\/ -->\n<title>Prohibido volar (disparan al aire) - Intermedia Producciones<\/title>\n<meta name=\"robots\" content=\"index, follow, max-snippet:-1, max-image-preview:large, max-video-preview:-1\" \/>\n<link rel=\"canonical\" href=\"https:\/\/intermediaproducciones.com\/en\/product\/prohibido-volar-disparan-al-aire\/\" \/>\n<meta property=\"og:locale\" content=\"en_GB\" \/>\n<meta property=\"og:type\" content=\"article\" \/>\n<meta property=\"og:title\" content=\"Prohibido volar (disparan al aire) - Intermedia Producciones\" \/>\n<meta property=\"og:description\" content=\"Documental. Betacam SP. 33\u2032. 1997 Direcci\u00f3n y Gui\u00f3n: Julio S\u00e1nchez Veiga, Mariano Agudo Blanco Producci\u00f3n: Miguel Paredes Fotograf\u00ed\u00ada: Mariano Agudo Blanco Documentaci\u00f3n: Agust\u00ed\u00adn Toranzo Montaje: Mariano Agudo Blanco Sinopsis: El 19 de abril de 1992, una manifestaci\u00f3n contra la celebraci\u00f3n del quinto centenario fue reprimida por la Policia Nacional de Sevilla, con el balance de [&hellip;]\" \/>\n<meta property=\"og:url\" content=\"https:\/\/intermediaproducciones.com\/en\/product\/prohibido-volar-disparan-al-aire\/\" \/>\n<meta property=\"og:site_name\" content=\"Intermedia Producciones\" \/>\n<meta property=\"article:publisher\" content=\"https:\/\/www.facebook.com\/ProductoraIntermediaProducciones\" \/>\n<meta property=\"article:modified_time\" content=\"2022-02-10T11:37:29+00:00\" \/>\n<meta property=\"og:image\" content=\"https:\/\/intermediaproducciones.com\/wp-content\/uploads\/2018\/08\/prohibidovolar_high-724x1024.png\" \/>\n\t<meta property=\"og:image:width\" content=\"724\" \/>\n\t<meta property=\"og:image:height\" content=\"1024\" \/>\n\t<meta property=\"og:image:type\" content=\"image\/png\" \/>\n<meta name=\"twitter:card\" content=\"summary_large_image\" \/>\n<meta name=\"twitter:label1\" content=\"Estimated reading time\" \/>\n\t<meta name=\"twitter:data1\" content=\"2 minutes\" \/>\n<script type=\"application\/ld+json\" class=\"yoast-schema-graph\">{\"@context\":\"https:\/\/schema.org\",\"@graph\":[{\"@type\":\"WebPage\",\"@id\":\"https:\/\/intermediaproducciones.com\/en\/product\/prohibido-volar-disparan-al-aire\/\",\"url\":\"https:\/\/intermediaproducciones.com\/en\/product\/prohibido-volar-disparan-al-aire\/\",\"name\":\"Prohibido volar (disparan al aire) - Intermedia Producciones\",\"isPartOf\":{\"@id\":\"https:\/\/intermediaproducciones.com\/#website\"},\"primaryImageOfPage\":{\"@id\":\"https:\/\/intermediaproducciones.com\/en\/product\/prohibido-volar-disparan-al-aire\/#primaryimage\"},\"image\":{\"@id\":\"https:\/\/intermediaproducciones.com\/en\/product\/prohibido-volar-disparan-al-aire\/#primaryimage\"},\"thumbnailUrl\":\"https:\/\/intermediaproducciones.com\/wp-content\/uploads\/2018\/08\/prohibidovolar_high.png\",\"datePublished\":\"2018-08-24T08:11:50+00:00\",\"dateModified\":\"2022-02-10T11:37:29+00:00\",\"breadcrumb\":{\"@id\":\"https:\/\/intermediaproducciones.com\/en\/product\/prohibido-volar-disparan-al-aire\/#breadcrumb\"},\"inLanguage\":\"en-GB\",\"potentialAction\":[{\"@type\":\"ReadAction\",\"target\":[\"https:\/\/intermediaproducciones.com\/en\/product\/prohibido-volar-disparan-al-aire\/\"]}]},{\"@type\":\"ImageObject\",\"inLanguage\":\"en-GB\",\"@id\":\"https:\/\/intermediaproducciones.com\/en\/product\/prohibido-volar-disparan-al-aire\/#primaryimage\",\"url\":\"https:\/\/intermediaproducciones.com\/wp-content\/uploads\/2018\/08\/prohibidovolar_high.png\",\"contentUrl\":\"https:\/\/intermediaproducciones.com\/wp-content\/uploads\/2018\/08\/prohibidovolar_high.png\",\"width\":1000,\"height\":1414},{\"@type\":\"BreadcrumbList\",\"@id\":\"https:\/\/intermediaproducciones.com\/en\/product\/prohibido-volar-disparan-al-aire\/#breadcrumb\",\"itemListElement\":[{\"@type\":\"ListItem\",\"position\":1,\"name\":\"Portada\",\"item\":\"https:\/\/intermediaproducciones.com\/\"},{\"@type\":\"ListItem\",\"position\":2,\"name\":\"Tienda\",\"item\":\"https:\/\/intermediaproducciones.com\/en\/tienda\/\"},{\"@type\":\"ListItem\",\"position\":3,\"name\":\"Prohibido volar (disparan al aire)\"}]},{\"@type\":\"WebSite\",\"@id\":\"https:\/\/intermediaproducciones.com\/#website\",\"url\":\"https:\/\/intermediaproducciones.com\/\",\"name\":\"Intermedia Producciones\",\"description\":\"Miradas, Visiones y Realidades\",\"publisher\":{\"@id\":\"https:\/\/intermediaproducciones.com\/#organization\"},\"potentialAction\":[{\"@type\":\"SearchAction\",\"target\":{\"@type\":\"EntryPoint\",\"urlTemplate\":\"https:\/\/intermediaproducciones.com\/?s={search_term_string}\"},\"query-input\":{\"@type\":\"PropertyValueSpecification\",\"valueRequired\":true,\"valueName\":\"search_term_string\"}}],\"inLanguage\":\"en-GB\"},{\"@type\":\"Organization\",\"@id\":\"https:\/\/intermediaproducciones.com\/#organization\",\"name\":\"Intermedia Producciones\",\"url\":\"https:\/\/intermediaproducciones.com\/\",\"logo\":{\"@type\":\"ImageObject\",\"inLanguage\":\"en-GB\",\"@id\":\"https:\/\/intermediaproducciones.com\/#\/schema\/logo\/image\/\",\"url\":\"https:\/\/intermediaproducciones.com\/wp-content\/uploads\/2019\/02\/logo_intermedia.png\",\"contentUrl\":\"https:\/\/intermediaproducciones.com\/wp-content\/uploads\/2019\/02\/logo_intermedia.png\",\"width\":199,\"height\":216,\"caption\":\"Intermedia Producciones\"},\"image\":{\"@id\":\"https:\/\/intermediaproducciones.com\/#\/schema\/logo\/image\/\"},\"sameAs\":[\"https:\/\/www.facebook.com\/ProductoraIntermediaProducciones\",\"https:\/\/vimeo.com\/intermedia\",\"https:\/\/www.youtube.com\/user\/IntermediaProd\",\"https:\/\/www.instagram.com\/intermediaproducciones\/\",\"https:\/\/www.linkedin.com\/company\/intermedia-producciones\/\"]}]}<\/script>\n<!-- \/ Yoast SEO plugin. -->","yoast_head_json":{"title":"Prohibido volar (disparan al aire) - Intermedia Producciones","robots":{"index":"index","follow":"follow","max-snippet":"max-snippet:-1","max-image-preview":"max-image-preview:large","max-video-preview":"max-video-preview:-1"},"canonical":"https:\/\/intermediaproducciones.com\/en\/product\/prohibido-volar-disparan-al-aire\/","og_locale":"en_GB","og_type":"article","og_title":"Prohibido volar (disparan al aire) - Intermedia Producciones","og_description":"Documental. Betacam SP. 33\u2032. 1997 Direcci\u00f3n y Gui\u00f3n: Julio S\u00e1nchez Veiga, Mariano Agudo Blanco Producci\u00f3n: Miguel Paredes Fotograf\u00ed\u00ada: Mariano Agudo Blanco Documentaci\u00f3n: Agust\u00ed\u00adn Toranzo Montaje: Mariano Agudo Blanco Sinopsis: El 19 de abril de 1992, una manifestaci\u00f3n contra la celebraci\u00f3n del quinto centenario fue reprimida por la Policia Nacional de Sevilla, con el balance de [&hellip;]","og_url":"https:\/\/intermediaproducciones.com\/en\/product\/prohibido-volar-disparan-al-aire\/","og_site_name":"Intermedia Producciones","article_publisher":"https:\/\/www.facebook.com\/ProductoraIntermediaProducciones","article_modified_time":"2022-02-10T11:37:29+00:00","og_image":[{"width":724,"height":1024,"url":"https:\/\/intermediaproducciones.com\/wp-content\/uploads\/2018\/08\/prohibidovolar_high-724x1024.png","type":"image\/png"}],"twitter_card":"summary_large_image","twitter_misc":{"Estimated reading time":"2 minutes"},"schema":{"@context":"https:\/\/schema.org","@graph":[{"@type":"WebPage","@id":"https:\/\/intermediaproducciones.com\/en\/product\/prohibido-volar-disparan-al-aire\/","url":"https:\/\/intermediaproducciones.com\/en\/product\/prohibido-volar-disparan-al-aire\/","name":"Prohibido volar (disparan al aire) - Intermedia Producciones","isPartOf":{"@id":"https:\/\/intermediaproducciones.com\/#website"},"primaryImageOfPage":{"@id":"https:\/\/intermediaproducciones.com\/en\/product\/prohibido-volar-disparan-al-aire\/#primaryimage"},"image":{"@id":"https:\/\/intermediaproducciones.com\/en\/product\/prohibido-volar-disparan-al-aire\/#primaryimage"},"thumbnailUrl":"https:\/\/intermediaproducciones.com\/wp-content\/uploads\/2018\/08\/prohibidovolar_high.png","datePublished":"2018-08-24T08:11:50+00:00","dateModified":"2022-02-10T11:37:29+00:00","breadcrumb":{"@id":"https:\/\/intermediaproducciones.com\/en\/product\/prohibido-volar-disparan-al-aire\/#breadcrumb"},"inLanguage":"en-GB","potentialAction":[{"@type":"ReadAction","target":["https:\/\/intermediaproducciones.com\/en\/product\/prohibido-volar-disparan-al-aire\/"]}]},{"@type":"ImageObject","inLanguage":"en-GB","@id":"https:\/\/intermediaproducciones.com\/en\/product\/prohibido-volar-disparan-al-aire\/#primaryimage","url":"https:\/\/intermediaproducciones.com\/wp-content\/uploads\/2018\/08\/prohibidovolar_high.png","contentUrl":"https:\/\/intermediaproducciones.com\/wp-content\/uploads\/2018\/08\/prohibidovolar_high.png","width":1000,"height":1414},{"@type":"BreadcrumbList","@id":"https:\/\/intermediaproducciones.com\/en\/product\/prohibido-volar-disparan-al-aire\/#breadcrumb","itemListElement":[{"@type":"ListItem","position":1,"name":"Portada","item":"https:\/\/intermediaproducciones.com\/"},{"@type":"ListItem","position":2,"name":"Tienda","item":"https:\/\/intermediaproducciones.com\/en\/tienda\/"},{"@type":"ListItem","position":3,"name":"Prohibido volar (disparan al aire)"}]},{"@type":"WebSite","@id":"https:\/\/intermediaproducciones.com\/#website","url":"https:\/\/intermediaproducciones.com\/","name":"Intermedia Producciones","description":"Miradas, Visiones y Realidades","publisher":{"@id":"https:\/\/intermediaproducciones.com\/#organization"},"potentialAction":[{"@type":"SearchAction","target":{"@type":"EntryPoint","urlTemplate":"https:\/\/intermediaproducciones.com\/?s={search_term_string}"},"query-input":{"@type":"PropertyValueSpecification","valueRequired":true,"valueName":"search_term_string"}}],"inLanguage":"en-GB"},{"@type":"Organization","@id":"https:\/\/intermediaproducciones.com\/#organization","name":"Intermedia Producciones","url":"https:\/\/intermediaproducciones.com\/","logo":{"@type":"ImageObject","inLanguage":"en-GB","@id":"https:\/\/intermediaproducciones.com\/#\/schema\/logo\/image\/","url":"https:\/\/intermediaproducciones.com\/wp-content\/uploads\/2019\/02\/logo_intermedia.png","contentUrl":"https:\/\/intermediaproducciones.com\/wp-content\/uploads\/2019\/02\/logo_intermedia.png","width":199,"height":216,"caption":"Intermedia Producciones"},"image":{"@id":"https:\/\/intermediaproducciones.com\/#\/schema\/logo\/image\/"},"sameAs":["https:\/\/www.facebook.com\/ProductoraIntermediaProducciones","https:\/\/vimeo.com\/intermedia","https:\/\/www.youtube.com\/user\/IntermediaProd","https:\/\/www.instagram.com\/intermediaproducciones\/","https:\/\/www.linkedin.com\/company\/intermedia-producciones\/"]}]}},"_links":{"self":[{"href":"https:\/\/intermediaproducciones.com\/en\/wp-json\/wp\/v2\/product\/2533","targetHints":{"allow":["GET"]}}],"collection":[{"href":"https:\/\/intermediaproducciones.com\/en\/wp-json\/wp\/v2\/product"}],"about":[{"href":"https:\/\/intermediaproducciones.com\/en\/wp-json\/wp\/v2\/types\/product"}],"wp:featuredmedia":[{"embeddable":true,"href":"https:\/\/intermediaproducciones.com\/en\/wp-json\/wp\/v2\/media\/2534"}],"wp:attachment":[{"href":"https:\/\/intermediaproducciones.com\/en\/wp-json\/wp\/v2\/media?parent=2533"}],"wp:term":[{"taxonomy":"product_brand","embeddable":true,"href":"https:\/\/intermediaproducciones.com\/en\/wp-json\/wp\/v2\/product_brand?post=2533"},{"taxonomy":"product_cat","embeddable":true,"href":"https:\/\/intermediaproducciones.com\/en\/wp-json\/wp\/v2\/product_cat?post=2533"},{"taxonomy":"product_tag","embeddable":true,"href":"https:\/\/intermediaproducciones.com\/en\/wp-json\/wp\/v2\/product_tag?post=2533"}],"curies":[{"name":"wp","href":"https:\/\/api.w.org\/{rel}","templated":true}]}}