{"id":2555,"date":"2018-09-14T11:39:54","date_gmt":"2018-09-14T11:39:54","guid":{"rendered":"https:\/\/intermediaproducciones.com\/?post_type=product&#038;p=2555"},"modified":"2022-02-10T11:35:13","modified_gmt":"2022-02-10T11:35:13","slug":"la-busqueda","status":"publish","type":"product","link":"https:\/\/intermediaproducciones.com\/en\/product\/la-busqueda\/","title":{"rendered":"The Search"},"content":{"rendered":"<p>Documental<br \/>\nHD. 60&#8242;. 2018<\/p>\n<p><strong>Gui\u00f3n y Direcci\u00f3n:<\/strong> Dani Lagares y Mariano Agudo<br \/>\n<strong>Sound:<\/strong> Dani de Zayas y Carlos P\u00e9rez<br \/>\n<strong>Montage:<\/strong> Fabiola Sialer<br \/>\n<strong>Music:<\/strong> Enrique de Justo<br \/>\n<strong>Grafismo y Postproducci\u00f3n:<\/strong> Kiko Romero<br \/>\n<strong>Producci\u00f3n Ejecutiva:<\/strong> Miguel Paredes y Mariano Agudo<br \/>\n<strong>Direcci\u00f3n de Fotograf\u00eda:<\/strong> Daniel Lagares y Mariano Agudo<br \/>\n<strong>Direcci\u00f3n de Producci\u00f3n:<\/strong> Natalia de Ancos<\/p>\n<p><strong>Synopsis:<\/strong><\/p>\n<p><em><strong>The Search<\/strong><\/em> es una pel\u00edcula documental sobre la guerra y sus secuelas. En el contexto de la Guerra Interna de Per\u00fa entre el Estado y Sendero Luminoso, reflexiona sobre los desaparecidos, el perd\u00f3n, y el estigma que recae sobre los perdedores y sus familiares. Dolores, Jos\u00e9 Carlos y Lurgio son sus protagonistas.<\/p>\n<p>Dolores vuelve a su comunidad, de la que huy\u00f3 hace 30 a\u00f1os, para enterrar a sus familiares exhumados de una fosa com\u00fan.<\/p>\n<p>Jos\u00e9 Carlos Ag\u00fcero, hijo de senderistas asesinados por el Estado peruano, supera su estigma y presenta un libro sobre los rendidos y el don de perdonar.<\/p>\n<p>Lurgio Gavil\u00e1n naci\u00f3 en plena zona de guerra lo que marc\u00f3 su infancia. Con 18 a\u00f1os hab\u00eda sido miembro Sendero Luminoso, el ej\u00e9rcito y la iglesia. Hoy es profesor de antropolog\u00eda en la Universidad de M\u00e9xico, vuelve a Per\u00fa para buscar la tumba de su hermano.<\/p>\n<p>Tres historias que reflexionan sobre las secuelas de la guerra en la sociedad.Documentary<br \/>\nHD. 60&#8242;. 2018<\/p>\n<p><strong>Director and Script:<\/strong> Dani Lagares y Mariano Agudo<br \/>\n<strong>Sound:<\/strong> Dani de Zayas y Carlos P\u00e9rez<br \/>\n<strong>Editor:<\/strong> Fabiola Sialer<br \/>\n<strong>Music:<\/strong> Enrique de Justo<br \/>\n<strong>Visual Effects:<\/strong> Kiko Romero<br \/>\n<strong>Executive Producer:<\/strong> Miguel Paredes y Mariano Agudo<br \/>\n<strong>Cinematography:<\/strong> Daniel Lagares y Mariano Agudo<br \/>\n<strong>Producer:<\/strong> Natalia de Ancos<\/p>\n<p><strong>Synopsis:<\/strong><\/p>\n<p><em><strong>The quest<\/strong><\/em> is a documentary film about the war and its consequences. Within Peru\u2019s domestic War framework, between the state and Sendero Luminoso, it thinks over the missings, forgiveness and stigma attached to the losing side and their families. Dolores, Jos\u00e9 Carlos y Lurgio are its main actors.<\/p>\n<p>Dolores get back to her community, from which she fled 30 years ago. To bury her exhumed family members.<\/p>\n<p>Jose Carlos Ag\u00fcero, whose senderist parents were murdered by peruvian state, get over the stigma and present a book about surrendered and the gift of pardon.<\/p>\n<p>Lurgio Gavil\u00e1n was born right in the heart of the war zone, and this marked his life.<br \/>\nAt the age of 18 he had been member of Sendero Luminoso, the army and the church. Today he is an anthropology professor in the University of Mexico, he come back to Peru to look for his brother\u2019s grave.<\/p>\n<p>Three stories that think about war\u2019s aftermaths on society.<\/p>","protected":false},"excerpt":{"rendered":"<p>Documental HD. 60&#8242;. 2018 Gui\u00f3n y Direcci\u00f3n: Dani Lagares y Mariano Agudo Sonido: Dani de Zayas y Carlos P\u00e9rez Montaje: Fabiola Sialer M\u00fasica: Enrique de Justo Grafismo y Postproducci\u00f3n: Kiko Romero Producci\u00f3n Ejecutiva: Miguel Paredes y Mariano Agudo Direcci\u00f3n de Fotograf\u00eda: Daniel Lagares y Mariano Agudo Direcci\u00f3n de Producci\u00f3n: Natalia de Ancos Sinopsis: La B\u00fasqueda [&hellip;]<\/p>","protected":false},"featured_media":2623,"template":"","meta":{"_acf_changed":false},"product_brand":[],"product_cat":[422],"product_tag":[],"class_list":{"0":"post-2555","1":"product","2":"type-product","3":"status-publish","4":"has-post-thumbnail","6":"product_cat-productos","8":"first","9":"instock","10":"taxable","11":"shipping-taxable","12":"product-type-simple"},"acf":[],"yoast_head":"<!-- This site is optimized with the Yoast SEO plugin v25.3.1 - https:\/\/yoast.com\/wordpress\/plugins\/seo\/ -->\n<title>La B\u00fasqueda - Intermedia Producciones<\/title>\n<meta name=\"robots\" content=\"index, follow, max-snippet:-1, max-image-preview:large, max-video-preview:-1\" \/>\n<link rel=\"canonical\" href=\"https:\/\/intermediaproducciones.com\/en\/product\/la-busqueda\/\" \/>\n<meta property=\"og:locale\" content=\"en_GB\" \/>\n<meta property=\"og:type\" content=\"article\" \/>\n<meta property=\"og:title\" content=\"La B\u00fasqueda - Intermedia Producciones\" \/>\n<meta property=\"og:description\" content=\"Documental HD. 60&#8242;. 2018 Gui\u00f3n y Direcci\u00f3n: Dani Lagares y Mariano Agudo Sonido: Dani de Zayas y Carlos P\u00e9rez Montaje: Fabiola Sialer M\u00fasica: Enrique de Justo Grafismo y Postproducci\u00f3n: Kiko Romero Producci\u00f3n Ejecutiva: Miguel Paredes y Mariano Agudo Direcci\u00f3n de Fotograf\u00eda: Daniel Lagares y Mariano Agudo Direcci\u00f3n de Producci\u00f3n: Natalia de Ancos Sinopsis: La B\u00fasqueda [&hellip;]\" \/>\n<meta property=\"og:url\" content=\"https:\/\/intermediaproducciones.com\/en\/product\/la-busqueda\/\" \/>\n<meta property=\"og:site_name\" content=\"Intermedia Producciones\" \/>\n<meta property=\"article:publisher\" content=\"https:\/\/www.facebook.com\/ProductoraIntermediaProducciones\" \/>\n<meta property=\"article:modified_time\" content=\"2022-02-10T11:35:13+00:00\" \/>\n<meta property=\"og:image\" content=\"https:\/\/intermediaproducciones.com\/wp-content\/uploads\/2018\/11\/LABUSQUEDA-scaled.jpg\" \/>\n\t<meta property=\"og:image:width\" content=\"1920\" \/>\n\t<meta property=\"og:image:height\" content=\"2560\" \/>\n\t<meta property=\"og:image:type\" content=\"image\/jpeg\" \/>\n<meta name=\"twitter:card\" content=\"summary_large_image\" \/>\n<meta name=\"twitter:label1\" content=\"Estimated reading time\" \/>\n\t<meta name=\"twitter:data1\" content=\"2 minutes\" \/>\n<script type=\"application\/ld+json\" class=\"yoast-schema-graph\">{\"@context\":\"https:\/\/schema.org\",\"@graph\":[{\"@type\":\"WebPage\",\"@id\":\"https:\/\/intermediaproducciones.com\/en\/product\/la-busqueda\/\",\"url\":\"https:\/\/intermediaproducciones.com\/en\/product\/la-busqueda\/\",\"name\":\"La B\u00fasqueda - Intermedia Producciones\",\"isPartOf\":{\"@id\":\"https:\/\/intermediaproducciones.com\/#website\"},\"primaryImageOfPage\":{\"@id\":\"https:\/\/intermediaproducciones.com\/en\/product\/la-busqueda\/#primaryimage\"},\"image\":{\"@id\":\"https:\/\/intermediaproducciones.com\/en\/product\/la-busqueda\/#primaryimage\"},\"thumbnailUrl\":\"https:\/\/intermediaproducciones.com\/wp-content\/uploads\/2018\/11\/LABUSQUEDA-scaled.jpg\",\"datePublished\":\"2018-09-14T11:39:54+00:00\",\"dateModified\":\"2022-02-10T11:35:13+00:00\",\"breadcrumb\":{\"@id\":\"https:\/\/intermediaproducciones.com\/en\/product\/la-busqueda\/#breadcrumb\"},\"inLanguage\":\"en-GB\",\"potentialAction\":[{\"@type\":\"ReadAction\",\"target\":[\"https:\/\/intermediaproducciones.com\/en\/product\/la-busqueda\/\"]}]},{\"@type\":\"ImageObject\",\"inLanguage\":\"en-GB\",\"@id\":\"https:\/\/intermediaproducciones.com\/en\/product\/la-busqueda\/#primaryimage\",\"url\":\"https:\/\/intermediaproducciones.com\/wp-content\/uploads\/2018\/11\/LABUSQUEDA-scaled.jpg\",\"contentUrl\":\"https:\/\/intermediaproducciones.com\/wp-content\/uploads\/2018\/11\/LABUSQUEDA-scaled.jpg\",\"width\":1920,\"height\":2560},{\"@type\":\"BreadcrumbList\",\"@id\":\"https:\/\/intermediaproducciones.com\/en\/product\/la-busqueda\/#breadcrumb\",\"itemListElement\":[{\"@type\":\"ListItem\",\"position\":1,\"name\":\"Portada\",\"item\":\"https:\/\/intermediaproducciones.com\/\"},{\"@type\":\"ListItem\",\"position\":2,\"name\":\"Tienda\",\"item\":\"https:\/\/intermediaproducciones.com\/en\/tienda\/\"},{\"@type\":\"ListItem\",\"position\":3,\"name\":\"La B\u00fasqueda\"}]},{\"@type\":\"WebSite\",\"@id\":\"https:\/\/intermediaproducciones.com\/#website\",\"url\":\"https:\/\/intermediaproducciones.com\/\",\"name\":\"Intermedia Producciones\",\"description\":\"Miradas, Visiones y Realidades\",\"publisher\":{\"@id\":\"https:\/\/intermediaproducciones.com\/#organization\"},\"potentialAction\":[{\"@type\":\"SearchAction\",\"target\":{\"@type\":\"EntryPoint\",\"urlTemplate\":\"https:\/\/intermediaproducciones.com\/?s={search_term_string}\"},\"query-input\":{\"@type\":\"PropertyValueSpecification\",\"valueRequired\":true,\"valueName\":\"search_term_string\"}}],\"inLanguage\":\"en-GB\"},{\"@type\":\"Organization\",\"@id\":\"https:\/\/intermediaproducciones.com\/#organization\",\"name\":\"Intermedia Producciones\",\"url\":\"https:\/\/intermediaproducciones.com\/\",\"logo\":{\"@type\":\"ImageObject\",\"inLanguage\":\"en-GB\",\"@id\":\"https:\/\/intermediaproducciones.com\/#\/schema\/logo\/image\/\",\"url\":\"https:\/\/intermediaproducciones.com\/wp-content\/uploads\/2019\/02\/logo_intermedia.png\",\"contentUrl\":\"https:\/\/intermediaproducciones.com\/wp-content\/uploads\/2019\/02\/logo_intermedia.png\",\"width\":199,\"height\":216,\"caption\":\"Intermedia Producciones\"},\"image\":{\"@id\":\"https:\/\/intermediaproducciones.com\/#\/schema\/logo\/image\/\"},\"sameAs\":[\"https:\/\/www.facebook.com\/ProductoraIntermediaProducciones\",\"https:\/\/vimeo.com\/intermedia\",\"https:\/\/www.youtube.com\/user\/IntermediaProd\",\"https:\/\/www.instagram.com\/intermediaproducciones\/\",\"https:\/\/www.linkedin.com\/company\/intermedia-producciones\/\"]}]}<\/script>\n<!-- \/ Yoast SEO plugin. -->","yoast_head_json":{"title":"La B\u00fasqueda - Intermedia Producciones","robots":{"index":"index","follow":"follow","max-snippet":"max-snippet:-1","max-image-preview":"max-image-preview:large","max-video-preview":"max-video-preview:-1"},"canonical":"https:\/\/intermediaproducciones.com\/en\/product\/la-busqueda\/","og_locale":"en_GB","og_type":"article","og_title":"La B\u00fasqueda - Intermedia Producciones","og_description":"Documental HD. 60&#8242;. 2018 Gui\u00f3n y Direcci\u00f3n: Dani Lagares y Mariano Agudo Sonido: Dani de Zayas y Carlos P\u00e9rez Montaje: Fabiola Sialer M\u00fasica: Enrique de Justo Grafismo y Postproducci\u00f3n: Kiko Romero Producci\u00f3n Ejecutiva: Miguel Paredes y Mariano Agudo Direcci\u00f3n de Fotograf\u00eda: Daniel Lagares y Mariano Agudo Direcci\u00f3n de Producci\u00f3n: Natalia de Ancos Sinopsis: La B\u00fasqueda [&hellip;]","og_url":"https:\/\/intermediaproducciones.com\/en\/product\/la-busqueda\/","og_site_name":"Intermedia Producciones","article_publisher":"https:\/\/www.facebook.com\/ProductoraIntermediaProducciones","article_modified_time":"2022-02-10T11:35:13+00:00","og_image":[{"width":1920,"height":2560,"url":"https:\/\/intermediaproducciones.com\/wp-content\/uploads\/2018\/11\/LABUSQUEDA-scaled.jpg","type":"image\/jpeg"}],"twitter_card":"summary_large_image","twitter_misc":{"Estimated reading time":"2 minutes"},"schema":{"@context":"https:\/\/schema.org","@graph":[{"@type":"WebPage","@id":"https:\/\/intermediaproducciones.com\/en\/product\/la-busqueda\/","url":"https:\/\/intermediaproducciones.com\/en\/product\/la-busqueda\/","name":"La B\u00fasqueda - Intermedia Producciones","isPartOf":{"@id":"https:\/\/intermediaproducciones.com\/#website"},"primaryImageOfPage":{"@id":"https:\/\/intermediaproducciones.com\/en\/product\/la-busqueda\/#primaryimage"},"image":{"@id":"https:\/\/intermediaproducciones.com\/en\/product\/la-busqueda\/#primaryimage"},"thumbnailUrl":"https:\/\/intermediaproducciones.com\/wp-content\/uploads\/2018\/11\/LABUSQUEDA-scaled.jpg","datePublished":"2018-09-14T11:39:54+00:00","dateModified":"2022-02-10T11:35:13+00:00","breadcrumb":{"@id":"https:\/\/intermediaproducciones.com\/en\/product\/la-busqueda\/#breadcrumb"},"inLanguage":"en-GB","potentialAction":[{"@type":"ReadAction","target":["https:\/\/intermediaproducciones.com\/en\/product\/la-busqueda\/"]}]},{"@type":"ImageObject","inLanguage":"en-GB","@id":"https:\/\/intermediaproducciones.com\/en\/product\/la-busqueda\/#primaryimage","url":"https:\/\/intermediaproducciones.com\/wp-content\/uploads\/2018\/11\/LABUSQUEDA-scaled.jpg","contentUrl":"https:\/\/intermediaproducciones.com\/wp-content\/uploads\/2018\/11\/LABUSQUEDA-scaled.jpg","width":1920,"height":2560},{"@type":"BreadcrumbList","@id":"https:\/\/intermediaproducciones.com\/en\/product\/la-busqueda\/#breadcrumb","itemListElement":[{"@type":"ListItem","position":1,"name":"Portada","item":"https:\/\/intermediaproducciones.com\/"},{"@type":"ListItem","position":2,"name":"Tienda","item":"https:\/\/intermediaproducciones.com\/en\/tienda\/"},{"@type":"ListItem","position":3,"name":"La B\u00fasqueda"}]},{"@type":"WebSite","@id":"https:\/\/intermediaproducciones.com\/#website","url":"https:\/\/intermediaproducciones.com\/","name":"Intermedia Producciones","description":"Miradas, Visiones y Realidades","publisher":{"@id":"https:\/\/intermediaproducciones.com\/#organization"},"potentialAction":[{"@type":"SearchAction","target":{"@type":"EntryPoint","urlTemplate":"https:\/\/intermediaproducciones.com\/?s={search_term_string}"},"query-input":{"@type":"PropertyValueSpecification","valueRequired":true,"valueName":"search_term_string"}}],"inLanguage":"en-GB"},{"@type":"Organization","@id":"https:\/\/intermediaproducciones.com\/#organization","name":"Intermedia Producciones","url":"https:\/\/intermediaproducciones.com\/","logo":{"@type":"ImageObject","inLanguage":"en-GB","@id":"https:\/\/intermediaproducciones.com\/#\/schema\/logo\/image\/","url":"https:\/\/intermediaproducciones.com\/wp-content\/uploads\/2019\/02\/logo_intermedia.png","contentUrl":"https:\/\/intermediaproducciones.com\/wp-content\/uploads\/2019\/02\/logo_intermedia.png","width":199,"height":216,"caption":"Intermedia Producciones"},"image":{"@id":"https:\/\/intermediaproducciones.com\/#\/schema\/logo\/image\/"},"sameAs":["https:\/\/www.facebook.com\/ProductoraIntermediaProducciones","https:\/\/vimeo.com\/intermedia","https:\/\/www.youtube.com\/user\/IntermediaProd","https:\/\/www.instagram.com\/intermediaproducciones\/","https:\/\/www.linkedin.com\/company\/intermedia-producciones\/"]}]}},"_links":{"self":[{"href":"https:\/\/intermediaproducciones.com\/en\/wp-json\/wp\/v2\/product\/2555","targetHints":{"allow":["GET"]}}],"collection":[{"href":"https:\/\/intermediaproducciones.com\/en\/wp-json\/wp\/v2\/product"}],"about":[{"href":"https:\/\/intermediaproducciones.com\/en\/wp-json\/wp\/v2\/types\/product"}],"wp:featuredmedia":[{"embeddable":true,"href":"https:\/\/intermediaproducciones.com\/en\/wp-json\/wp\/v2\/media\/2623"}],"wp:attachment":[{"href":"https:\/\/intermediaproducciones.com\/en\/wp-json\/wp\/v2\/media?parent=2555"}],"wp:term":[{"taxonomy":"product_brand","embeddable":true,"href":"https:\/\/intermediaproducciones.com\/en\/wp-json\/wp\/v2\/product_brand?post=2555"},{"taxonomy":"product_cat","embeddable":true,"href":"https:\/\/intermediaproducciones.com\/en\/wp-json\/wp\/v2\/product_cat?post=2555"},{"taxonomy":"product_tag","embeddable":true,"href":"https:\/\/intermediaproducciones.com\/en\/wp-json\/wp\/v2\/product_tag?post=2555"}],"curies":[{"name":"wp","href":"https:\/\/api.w.org\/{rel}","templated":true}]}}